{"id":2197,"date":"2025-03-19T21:32:14","date_gmt":"2025-03-19T21:32:14","guid":{"rendered":"https:\/\/stressnostress.ch\/?page_id=2197"},"modified":"2026-01-30T17:31:57","modified_gmt":"2026-01-30T17:31:57","slug":"beratende-finden-fr","status":"publish","type":"page","link":"https:\/\/stressnostress.ch\/index.php\/beratende-finden-fr\/","title":{"rendered":"Beratende finden-fr"},"content":{"rendered":"\t\t<div data-elementor-type=\"wp-page\" data-elementor-id=\"2197\" class=\"elementor elementor-2197\" data-elementor-post-type=\"page\">\n\t\t\t\t<div class=\"elementor-element elementor-element-028dd03 e-flex e-con-boxed e-con e-parent\" data-id=\"028dd03\" data-element_type=\"container\" data-e-type=\"container\" data-settings=\"{&quot;background_background&quot;:&quot;classic&quot;}\">\n\t\t\t\t\t<div class=\"e-con-inner\">\n\t\t\t\t\t<\/div>\n\t\t\t\t<\/div>\n\t\t<div class=\"elementor-element elementor-element-a2a69f4 e-flex e-con-boxed e-con e-parent\" data-id=\"a2a69f4\" data-element_type=\"container\" data-e-type=\"container\">\n\t\t\t\t\t<div class=\"e-con-inner\">\n\t\t<div class=\"elementor-element elementor-element-b8c6023 e-con-full e-flex e-con e-child\" data-id=\"b8c6023\" data-element_type=\"container\" data-e-type=\"container\">\n\t\t\t\t<\/div>\n\t\t<div class=\"elementor-element elementor-element-4efe48a e-con-full e-flex e-con e-child\" data-id=\"4efe48a\" data-element_type=\"container\" data-e-type=\"container\">\n\t\t\t\t<div class=\"elementor-element elementor-element-92fc84c elementor-widget elementor-widget-text-editor\" data-id=\"92fc84c\" data-element_type=\"widget\" data-e-type=\"widget\" data-widget_type=\"text-editor.default\">\n\t\t\t\t<div class=\"elementor-widget-container\">\n\t\t\t\t\t\t\t\t\t<p>Liste d&#8217;experts<\/p>\t\t\t\t\t\t\t\t<\/div>\n\t\t\t\t<\/div>\n\t\t\t\t<\/div>\n\t\t\t\t\t<\/div>\n\t\t\t\t<\/div>\n\t\t<div class=\"elementor-element elementor-element-139cc96 e-flex e-con-boxed e-con e-parent\" data-id=\"139cc96\" data-element_type=\"container\" data-e-type=\"container\">\n\t\t\t\t\t<div class=\"e-con-inner\">\n\t\t\t\t<div class=\"elementor-element elementor-element-3b89f8a elementor-nav-menu__align-center elementor-nav-menu--dropdown-none elementor-widget elementor-widget-nav-menu\" data-id=\"3b89f8a\" data-element_type=\"widget\" data-e-type=\"widget\" data-settings=\"{&quot;layout&quot;:&quot;horizontal&quot;,&quot;submenu_icon&quot;:{&quot;value&quot;:&quot;&lt;svg class=\\&quot;e-font-icon-svg e-fas-caret-down\\&quot; viewBox=\\&quot;0 0 320 512\\&quot; xmlns=\\&quot;http:\\\/\\\/www.w3.org\\\/2000\\\/svg\\&quot;&gt;&lt;path d=\\&quot;M31.3 192h257.3c17.8 0 26.7 21.5 14.1 34.1L174.1 354.8c-7.8 7.8-20.5 7.8-28.3 0L17.2 226.1C4.6 213.5 13.5 192 31.3 192z\\&quot;&gt;&lt;\\\/path&gt;&lt;\\\/svg&gt;&quot;,&quot;library&quot;:&quot;fa-solid&quot;}}\" data-widget_type=\"nav-menu.default\">\n\t\t\t\t<div class=\"elementor-widget-container\">\n\t\t\t\t\t\t\t\t<nav aria-label=\"Menu\" class=\"elementor-nav-menu--main elementor-nav-menu__container elementor-nav-menu--layout-horizontal e--pointer-underline e--animation-fade\">\n\t\t\t\t<ul id=\"menu-1-3b89f8a\" class=\"elementor-nav-menu\"><li class=\"menu-item menu-item-type-post_type menu-item-object-page menu-item-2261\"><a href=\"https:\/\/stressnostress.ch\/index.php\/home-2\/\" class=\"elementor-item\">Home<\/a><\/li>\n<li class=\"menu-item menu-item-type-post_type menu-item-object-page menu-item-2262\"><a href=\"https:\/\/stressnostress.ch\/index.php\/stress-moi\/\" class=\"elementor-item\">Stress-Check (Single)<\/a><\/li>\n<li class=\"menu-item menu-item-type-post_type menu-item-object-page menu-item-2263\"><a href=\"https:\/\/stressnostress.ch\/index.php\/unternehmen-und-stress-fr\/\" class=\"elementor-item\">Stress-Check (Team)<\/a><\/li>\n<li class=\"menu-item menu-item-type-post_type menu-item-object-page menu-item-2264\"><a href=\"https:\/\/stressnostress.ch\/index.php\/wissen-fr\/\" class=\"elementor-item\">Connaissances<\/a><\/li>\n<li class=\"menu-item menu-item-type-post_type menu-item-object-page menu-item-2265\"><a href=\"https:\/\/stressnostress.ch\/index.php\/tools-und-coaching-fr\/\" class=\"elementor-item\">Outils &#038; Coaching<\/a><\/li>\n<li class=\"menu-item menu-item-type-post_type menu-item-object-page menu-item-2266\"><a href=\"https:\/\/stressnostress.ch\/index.php\/beratende-finden-fr\/\" class=\"elementor-item\">Liste d&#8217;experts<\/a><\/li>\n<li class=\"menu-item menu-item-type-post_type menu-item-object-page menu-item-2267\"><a href=\"https:\/\/stressnostress.ch\/index.php\/uber-uns-fr\/\" class=\"elementor-item\">A propos<\/a><\/li>\n<\/ul>\t\t\t<\/nav>\n\t\t\t\t\t\t<nav class=\"elementor-nav-menu--dropdown elementor-nav-menu__container\" aria-hidden=\"true\">\n\t\t\t\t<ul id=\"menu-2-3b89f8a\" class=\"elementor-nav-menu\"><li class=\"menu-item menu-item-type-post_type menu-item-object-page menu-item-2261\"><a href=\"https:\/\/stressnostress.ch\/index.php\/home-2\/\" class=\"elementor-item\" tabindex=\"-1\">Home<\/a><\/li>\n<li class=\"menu-item menu-item-type-post_type menu-item-object-page menu-item-2262\"><a href=\"https:\/\/stressnostress.ch\/index.php\/stress-moi\/\" class=\"elementor-item\" tabindex=\"-1\">Stress-Check (Single)<\/a><\/li>\n<li class=\"menu-item menu-item-type-post_type menu-item-object-page menu-item-2263\"><a href=\"https:\/\/stressnostress.ch\/index.php\/unternehmen-und-stress-fr\/\" class=\"elementor-item\" tabindex=\"-1\">Stress-Check (Team)<\/a><\/li>\n<li class=\"menu-item menu-item-type-post_type menu-item-object-page menu-item-2264\"><a href=\"https:\/\/stressnostress.ch\/index.php\/wissen-fr\/\" class=\"elementor-item\" tabindex=\"-1\">Connaissances<\/a><\/li>\n<li class=\"menu-item menu-item-type-post_type menu-item-object-page menu-item-2265\"><a href=\"https:\/\/stressnostress.ch\/index.php\/tools-und-coaching-fr\/\" class=\"elementor-item\" tabindex=\"-1\">Outils &#038; Coaching<\/a><\/li>\n<li class=\"menu-item menu-item-type-post_type menu-item-object-page menu-item-2266\"><a href=\"https:\/\/stressnostress.ch\/index.php\/beratende-finden-fr\/\" class=\"elementor-item\" tabindex=\"-1\">Liste d&#8217;experts<\/a><\/li>\n<li class=\"menu-item menu-item-type-post_type menu-item-object-page menu-item-2267\"><a href=\"https:\/\/stressnostress.ch\/index.php\/uber-uns-fr\/\" class=\"elementor-item\" tabindex=\"-1\">A propos<\/a><\/li>\n<\/ul>\t\t\t<\/nav>\n\t\t\t\t\t\t<\/div>\n\t\t\t\t<\/div>\n\t\t\t\t\t<\/div>\n\t\t\t\t<\/div>\n\t\t<div class=\"elementor-element elementor-element-65d9e44 e-flex e-con-boxed e-con e-parent\" data-id=\"65d9e44\" data-element_type=\"container\" data-e-type=\"container\">\n\t\t\t\t\t<div class=\"e-con-inner\">\n\t\t<div class=\"elementor-element elementor-element-d4aceec e-con-full e-flex e-con e-child\" data-id=\"d4aceec\" data-element_type=\"container\" data-e-type=\"container\">\n\t\t\t\t<div class=\"elementor-element elementor-element-9fc0574 elementor-toc--content-ellipsis elementor-toc--minimized-on-tablet elementor-widget elementor-widget-table-of-contents\" data-id=\"9fc0574\" data-element_type=\"widget\" data-e-type=\"widget\" data-settings=\"{&quot;headings_by_tags&quot;:[&quot;h2&quot;,&quot;h3&quot;],&quot;exclude_headings_by_selector&quot;:[],&quot;no_headings_message&quot;:&quot;No headings were found on this page.&quot;,&quot;sticky_offset&quot;:12,&quot;marker_view&quot;:&quot;bullets&quot;,&quot;icon&quot;:{&quot;value&quot;:&quot;&quot;,&quot;library&quot;:&quot;&quot;},&quot;sticky&quot;:&quot;top&quot;,&quot;sticky_on&quot;:[&quot;desktop&quot;],&quot;sticky_parent&quot;:&quot;yes&quot;,&quot;minimize_box&quot;:&quot;yes&quot;,&quot;minimized_on&quot;:&quot;tablet&quot;,&quot;hierarchical_view&quot;:&quot;yes&quot;,&quot;min_height&quot;:{&quot;unit&quot;:&quot;px&quot;,&quot;size&quot;:&quot;&quot;,&quot;sizes&quot;:[]},&quot;min_height_tablet&quot;:{&quot;unit&quot;:&quot;px&quot;,&quot;size&quot;:&quot;&quot;,&quot;sizes&quot;:[]},&quot;min_height_mobile&quot;:{&quot;unit&quot;:&quot;px&quot;,&quot;size&quot;:&quot;&quot;,&quot;sizes&quot;:[]},&quot;sticky_effects_offset&quot;:0,&quot;sticky_anchor_link_offset&quot;:0}\" data-widget_type=\"table-of-contents.default\">\n\t\t\t\t<div class=\"elementor-widget-container\">\n\t\t\t\t\t\t\t<div class=\"elementor-toc__header\">\n\t\t\t<h4 class=\"elementor-toc__header-title\">\n\t\t\t\tKanton\t\t\t<\/h4>\n\t\t\t\t\t\t\t<div class=\"elementor-toc__toggle-button elementor-toc__toggle-button--expand\" role=\"button\" tabindex=\"0\" aria-controls=\"elementor-toc__9fc0574\" aria-expanded=\"true\" aria-label=\"Open table of contents\"><svg aria-hidden=\"true\" class=\"e-font-icon-svg e-fas-chevron-down\" viewBox=\"0 0 448 512\" xmlns=\"http:\/\/www.w3.org\/2000\/svg\"><path d=\"M207.029 381.476L12.686 187.132c-9.373-9.373-9.373-24.569 0-33.941l22.667-22.667c9.357-9.357 24.522-9.375 33.901-.04L224 284.505l154.745-154.021c9.379-9.335 24.544-9.317 33.901.04l22.667 22.667c9.373 9.373 9.373 24.569 0 33.941L240.971 381.476c-9.373 9.372-24.569 9.372-33.942 0z\"><\/path><\/svg><\/div>\n\t\t\t\t<div class=\"elementor-toc__toggle-button elementor-toc__toggle-button--collapse\" role=\"button\" tabindex=\"0\" aria-controls=\"elementor-toc__9fc0574\" aria-expanded=\"true\" aria-label=\"Close table of contents\"><svg aria-hidden=\"true\" class=\"e-font-icon-svg e-fas-chevron-up\" viewBox=\"0 0 448 512\" xmlns=\"http:\/\/www.w3.org\/2000\/svg\"><path d=\"M240.971 130.524l194.343 194.343c9.373 9.373 9.373 24.569 0 33.941l-22.667 22.667c-9.357 9.357-24.522 9.375-33.901.04L224 227.495 69.255 381.516c-9.379 9.335-24.544 9.317-33.901-.04l-22.667-22.667c-9.373-9.373-9.373-24.569 0-33.941L207.03 130.525c9.372-9.373 24.568-9.373 33.941-.001z\"><\/path><\/svg><\/div>\n\t\t\t\t\t<\/div>\n\t\t<div id=\"elementor-toc__9fc0574\" class=\"elementor-toc__body\">\n\t\t\t<div class=\"elementor-toc__spinner-container\">\n\t\t\t\t<svg class=\"elementor-toc__spinner eicon-animation-spin e-font-icon-svg e-eicon-loading\" aria-hidden=\"true\" viewBox=\"0 0 1000 1000\" xmlns=\"http:\/\/www.w3.org\/2000\/svg\"><path d=\"M500 975V858C696 858 858 696 858 500S696 142 500 142 142 304 142 500H25C25 237 238 25 500 25S975 237 975 500 763 975 500 975Z\"><\/path><\/svg>\t\t\t<\/div>\n\t\t<\/div>\n\t\t\t\t\t\t<\/div>\n\t\t\t\t<\/div>\n\t\t\t\t<\/div>\n\t\t<div class=\"elementor-element elementor-element-ce9029f e-con-full e-flex e-con e-child\" data-id=\"ce9029f\" data-element_type=\"container\" data-e-type=\"container\">\n\t\t\t\t<div class=\"elementor-element elementor-element-11137a4 elementor-widget elementor-widget-heading\" data-id=\"11137a4\" data-element_type=\"widget\" data-e-type=\"widget\" data-widget_type=\"heading.default\">\n\t\t\t\t<div class=\"elementor-widget-container\">\n\t\t\t\t\t<h2 class=\"elementor-heading-title elementor-size-default\">Argovie<\/h2>\t\t\t\t<\/div>\n\t\t\t\t<\/div>\n\t\t<div class=\"elementor-element elementor-element-a00dcef e-con-full e-flex e-con e-child\" data-id=\"a00dcef\" data-element_type=\"container\" data-e-type=\"container\">\n\t\t<div class=\"elementor-element elementor-element-bb6f149 e-con-full e-flex e-con e-child\" data-id=\"bb6f149\" data-element_type=\"container\" data-e-type=\"container\" data-settings=\"{&quot;background_background&quot;:&quot;classic&quot;}\">\n\t\t\t\t<div class=\"elementor-element elementor-element-fe325dc elementor-widget__width-initial elementor-widget elementor-widget-image\" data-id=\"fe325dc\" data-element_type=\"widget\" data-e-type=\"widget\" data-widget_type=\"image.default\">\n\t\t\t\t<div class=\"elementor-widget-container\">\n\t\t\t\t\t\t\t\t\t\t\t\t\t\t\t<img fetchpriority=\"high\" decoding=\"async\" width=\"276\" height=\"276\" src=\"https:\/\/stressnostress.ch\/wp-content\/uploads\/2025\/03\/Bjanko.jpg\" class=\"attachment-large size-large wp-image-1399\" alt=\"\" srcset=\"https:\/\/stressnostress.ch\/wp-content\/uploads\/2025\/03\/Bjanko.jpg 276w, https:\/\/stressnostress.ch\/wp-content\/uploads\/2025\/03\/Bjanko-150x150.jpg 150w\" sizes=\"(max-width: 276px) 100vw, 276px\" \/>\t\t\t\t\t\t\t\t\t\t\t\t\t\t\t<\/div>\n\t\t\t\t<\/div>\n\t\t\t\t<\/div>\n\t\t<div class=\"elementor-element elementor-element-abec6dd e-con-full e-flex e-con e-child\" data-id=\"abec6dd\" data-element_type=\"container\" data-e-type=\"container\">\n\t\t\t\t<div class=\"elementor-element elementor-element-b0e4afc elementor-widget elementor-widget-text-editor\" data-id=\"b0e4afc\" data-element_type=\"widget\" data-e-type=\"widget\" data-widget_type=\"text-editor.default\">\n\t\t\t\t<div class=\"elementor-widget-container\">\n\t\t\t\t\t\t\t\t\t<p>WorkingWell GmbH<br \/>lic. phil. Arbeits- und Organisationspsychologin<br \/>Coaching, Training, Beratung<\/p><p>Frau Bettina Janko-Schirmer<br \/>Hauptstrasse 51<br \/>4313 M\u00f6hlin<br \/>+41 76 424 21 79<\/p><p><a href=\"mailto:bettina.janko@workingwell.ch\">bettina.janko@workingwell.ch<\/a><br \/><a href=\"http:\/\/www.workingwell.ch\">www.workingwell.ch<\/a><\/p><p><strong>Angebot:<\/strong><br \/>Stressmanagement, Karriereberatung<\/p><p><strong>Spezielle Kenntnisse \/ Angebote:<\/strong><br \/>Stress- und Selbstmanagement, Autogenes Training (krankenkassenanderkannt) Betriebliche Gesundheitsf\u00f6rderung, Karriereberatung<\/p>\t\t\t\t\t\t\t\t<\/div>\n\t\t\t\t<\/div>\n\t\t\t\t<\/div>\n\t\t\t\t<\/div>\n\t\t<div class=\"elementor-element elementor-element-55a64a4 e-con-full e-flex e-con e-child\" data-id=\"55a64a4\" data-element_type=\"container\" data-e-type=\"container\">\n\t\t<div class=\"elementor-element elementor-element-572cdb6 e-con-full e-flex e-con e-child\" data-id=\"572cdb6\" data-element_type=\"container\" data-e-type=\"container\" data-settings=\"{&quot;background_background&quot;:&quot;classic&quot;}\">\n\t\t\t\t<div class=\"elementor-element elementor-element-04f26e0 elementor-widget__width-initial elementor-widget elementor-widget-image\" data-id=\"04f26e0\" data-element_type=\"widget\" data-e-type=\"widget\" data-widget_type=\"image.default\">\n\t\t\t\t<div class=\"elementor-widget-container\">\n\t\t\t\t\t\t\t\t\t\t\t\t\t\t\t<img decoding=\"async\" width=\"512\" height=\"512\" src=\"https:\/\/stressnostress.ch\/wp-content\/uploads\/2025\/03\/mhari.webp\" class=\"attachment-large size-large wp-image-2365\" alt=\"\" srcset=\"https:\/\/stressnostress.ch\/wp-content\/uploads\/2025\/03\/mhari.webp 512w, https:\/\/stressnostress.ch\/wp-content\/uploads\/2025\/03\/mhari-300x300.jpg 300w, https:\/\/stressnostress.ch\/wp-content\/uploads\/2025\/03\/mhari-150x150.jpg 150w\" sizes=\"(max-width: 512px) 100vw, 512px\" \/>\t\t\t\t\t\t\t\t\t\t\t\t\t\t\t<\/div>\n\t\t\t\t<\/div>\n\t\t\t\t<\/div>\n\t\t<div class=\"elementor-element elementor-element-14f92c8 e-con-full e-flex e-con e-child\" data-id=\"14f92c8\" data-element_type=\"container\" data-e-type=\"container\">\n\t\t\t\t<div class=\"elementor-element elementor-element-e09301e elementor-widget elementor-widget-text-editor\" data-id=\"e09301e\" data-element_type=\"widget\" data-e-type=\"widget\" data-widget_type=\"text-editor.default\">\n\t\t\t\t<div class=\"elementor-widget-container\">\n\t\t\t\t\t\t\t\t\t<p class=\"p1\">Kantonsspital Aarau AG<br \/>MSc Klinische Psychologin<br \/>Fachexpertin Psychische Gesundheit<\/p><p>Frau Mariann Hari<br \/>Tellstrasse 25<br \/>5001 Aarau<br \/>062 838 24 06<\/p><p class=\"p1\"><a href=\"mailto:mariann.hari@ksa.ch\">mariann.hari@ksa.ch<\/a><br \/><a href=\"https:\/\/www.linkedin.com\/in\/mariann-hari-851665142\/\">https:\/\/www.linkedin.com\/in\/mariann-hari-851665142\/<\/a><\/p><p><strong>Angebot:<br \/><\/strong>Vielf\u00e4ltige Beratungskompetenzen bei Menschen mit psychosozialen Belastungssituationen im Beruf und privat. \u00dcber 20 Jahre systemisch-l\u00f6sungsorientierte Beratungserfahrung als klinische Sozialarbeiterin und Psychologin MSc im Betrieblichen Gesundheitsmanagement (Psychische Gesundheit Mitarbeitende).<\/p><p><strong>Spezielle Kenntnisse \/ Angebote:<br \/><\/strong>Unterst\u00fctzung bei Themen wie: Konfliktsituationen in Beruf und Alltag, Stress, Ersch\u00f6pfung, Burnout, Krankheit, Trennung, Verlust, Trauer, Ressourcenst\u00e4rkung, Neuorientierung, Betriebliche Sozialberatung. Termine vor Ort (Kt. AG) oder online. Nicht KK (KVG) finanziert, da keine Psychotherapie.<\/p>\t\t\t\t\t\t\t\t<\/div>\n\t\t\t\t<\/div>\n\t\t\t\t<\/div>\n\t\t\t\t<\/div>\n\t\t\t\t<div class=\"elementor-element elementor-element-70f5e7d elementor-widget elementor-widget-heading\" data-id=\"70f5e7d\" data-element_type=\"widget\" data-e-type=\"widget\" data-widget_type=\"heading.default\">\n\t\t\t\t<div class=\"elementor-widget-container\">\n\t\t\t\t\t<h2 class=\"elementor-heading-title elementor-size-default\">B\u00e2le-Ville<\/h2>\t\t\t\t<\/div>\n\t\t\t\t<\/div>\n\t\t<div class=\"elementor-element elementor-element-c2d800a e-con-full e-flex e-con e-child\" data-id=\"c2d800a\" data-element_type=\"container\" data-e-type=\"container\">\n\t\t<div class=\"elementor-element elementor-element-b32dd78 e-con-full e-flex e-con e-child\" data-id=\"b32dd78\" data-element_type=\"container\" data-e-type=\"container\" data-settings=\"{&quot;background_background&quot;:&quot;classic&quot;}\">\n\t\t\t\t<div class=\"elementor-element elementor-element-2c0e38b elementor-widget__width-initial elementor-widget elementor-widget-image\" data-id=\"2c0e38b\" data-element_type=\"widget\" data-e-type=\"widget\" data-widget_type=\"image.default\">\n\t\t\t\t<div class=\"elementor-widget-container\">\n\t\t\t\t\t\t\t\t\t\t\t\t\t\t\t<img fetchpriority=\"high\" decoding=\"async\" width=\"276\" height=\"276\" src=\"https:\/\/stressnostress.ch\/wp-content\/uploads\/2025\/03\/Bjanko.jpg\" class=\"attachment-large size-large wp-image-1399\" alt=\"\" srcset=\"https:\/\/stressnostress.ch\/wp-content\/uploads\/2025\/03\/Bjanko.jpg 276w, https:\/\/stressnostress.ch\/wp-content\/uploads\/2025\/03\/Bjanko-150x150.jpg 150w\" sizes=\"(max-width: 276px) 100vw, 276px\" \/>\t\t\t\t\t\t\t\t\t\t\t\t\t\t\t<\/div>\n\t\t\t\t<\/div>\n\t\t\t\t<\/div>\n\t\t<div class=\"elementor-element elementor-element-a5e26c7 e-con-full e-flex e-con e-child\" data-id=\"a5e26c7\" data-element_type=\"container\" data-e-type=\"container\">\n\t\t\t\t<div class=\"elementor-element elementor-element-ae01424 elementor-widget elementor-widget-text-editor\" data-id=\"ae01424\" data-element_type=\"widget\" data-e-type=\"widget\" data-widget_type=\"text-editor.default\">\n\t\t\t\t<div class=\"elementor-widget-container\">\n\t\t\t\t\t\t\t\t\t<p>WorkingWell GmbH<br \/>lic. phil. Arbeits- und Organisationspsychologin<br \/>Coaching, Training, Beratung<\/p><p>Frau Bettina Janko-Schirmer<br \/>Clarastrasse 2,<br \/>4058 Basel<br \/>+41 76 424 21 79<\/p><p><a href=\"mailto:bettina.janko@workingwell.ch\">bettina.janko@workingwell.ch<\/a><br \/><a href=\"http:\/\/www.workingwell.ch\">www.workingwell.ch<\/a><\/p><p><strong>Angebot:<\/strong><br \/>Stressmanagement, Karriereberatung<\/p><p><strong>Spezielle Kenntnisse \/ Angebote:<\/strong><br \/>Stress- und Selbstmanagement, Autogenes Training (krankenkassenanderkannt) Betriebliche Gesundheitsf\u00f6rderung, Karriereberatung<\/p>\t\t\t\t\t\t\t\t<\/div>\n\t\t\t\t<\/div>\n\t\t\t\t<\/div>\n\t\t\t\t<\/div>\n\t\t<div class=\"elementor-element elementor-element-d99b44a e-con-full e-flex e-con e-child\" data-id=\"d99b44a\" data-element_type=\"container\" data-e-type=\"container\">\n\t\t<div class=\"elementor-element elementor-element-5eccc4a e-con-full e-flex e-con e-child\" data-id=\"5eccc4a\" data-element_type=\"container\" data-e-type=\"container\" data-settings=\"{&quot;background_background&quot;:&quot;classic&quot;}\">\n\t\t\t\t<div class=\"elementor-element elementor-element-7700ade elementor-widget__width-initial elementor-widget elementor-widget-image\" data-id=\"7700ade\" data-element_type=\"widget\" data-e-type=\"widget\" data-widget_type=\"image.default\">\n\t\t\t\t<div class=\"elementor-widget-container\">\n\t\t\t\t\t\t\t\t\t\t\t\t\t\t\t<img decoding=\"async\" width=\"614\" height=\"614\" src=\"https:\/\/stressnostress.ch\/wp-content\/uploads\/2025\/03\/dniedermoser.jpg\" class=\"attachment-large size-large wp-image-1491\" alt=\"\" srcset=\"https:\/\/stressnostress.ch\/wp-content\/uploads\/2025\/03\/dniedermoser.jpg 614w, https:\/\/stressnostress.ch\/wp-content\/uploads\/2025\/03\/dniedermoser-300x300.jpg 300w, https:\/\/stressnostress.ch\/wp-content\/uploads\/2025\/03\/dniedermoser-150x150.jpg 150w\" sizes=\"(max-width: 614px) 100vw, 614px\" \/>\t\t\t\t\t\t\t\t\t\t\t\t\t\t\t<\/div>\n\t\t\t\t<\/div>\n\t\t\t\t<\/div>\n\t\t<div class=\"elementor-element elementor-element-e386119 e-con-full e-flex e-con e-child\" data-id=\"e386119\" data-element_type=\"container\" data-e-type=\"container\">\n\t\t\t\t<div class=\"elementor-element elementor-element-4473b5a elementor-widget elementor-widget-text-editor\" data-id=\"4473b5a\" data-element_type=\"widget\" data-e-type=\"widget\" data-widget_type=\"text-editor.default\">\n\t\t\t\t<div class=\"elementor-widget-container\">\n\t\t\t\t\t\t\t\t\t<p>Praxis-Laufen.ch<br \/>Dr. phil.<br \/>Dr. phil. P\u00e4dagoge Supervisor Selbsterfahrungstherapeut Notfallpsychologie Gesundheitspsychologie eidg. anerkannter Psychologe eidg. anerkannter PsychotherapeutPsychologe (FSP)Fachpsychologe f\u00fcr Psychotherapie (FSP)Fachpsychologe f\u00fcr Gesundheitspsychologie (FSP)Zusatzqualifikation in Notfallpsychologie (FSP)Anerkannter Supervisor f\u00fcr Gesundheitspsychologie, Coaching Psychologie und Psychotherapie<br \/>Herr Daryl Niedermoser<br \/>Steinenvorstadt 75<br \/>4051 Basel<br \/>0041794059405<\/p><p><a href=\"mailto:beratunglaufen@gmail.com\">beratunglaufen@gmail.com<\/a><br \/><a href=\"https:\/\/praxis-laufen.ch\/\">https:\/\/praxis-laufen.ch\/<\/a><\/p><p><strong>Angebot:<\/strong><br \/>Beratung, Coaching, Supervision oder Notfallpsychologie<br \/><strong><br \/>Spezielle Kenntnisse \/ Angebote:<\/strong><br \/>Notfallpsychologie, Gesundheitspsychologie, Psychotherapie, Psychopathologie, Coaching Psychologie. Supervision, oder auch Selbsterfahrung. ADHS Diagnostik und Verhaltenss\u00fcchte.<br \/><strong><br \/>Weitere Angaben:<\/strong><br \/>Depression, Burnout, aber auch Postpartale Depression<\/p>\t\t\t\t\t\t\t\t<\/div>\n\t\t\t\t<\/div>\n\t\t\t\t<\/div>\n\t\t\t\t<\/div>\n\t\t<div class=\"elementor-element elementor-element-0360b3e e-con-full e-flex e-con e-child\" data-id=\"0360b3e\" data-element_type=\"container\" data-e-type=\"container\">\n\t\t<div class=\"elementor-element elementor-element-133efd6 e-con-full e-flex e-con e-child\" data-id=\"133efd6\" data-element_type=\"container\" data-e-type=\"container\" data-settings=\"{&quot;background_background&quot;:&quot;classic&quot;}\">\n\t\t\t\t<div class=\"elementor-element elementor-element-f528cdc elementor-widget__width-initial elementor-widget elementor-widget-image\" data-id=\"f528cdc\" data-element_type=\"widget\" data-e-type=\"widget\" data-widget_type=\"image.default\">\n\t\t\t\t<div class=\"elementor-widget-container\">\n\t\t\t\t\t\t\t\t\t\t\t\t\t\t\t<img loading=\"lazy\" decoding=\"async\" width=\"600\" height=\"600\" src=\"https:\/\/stressnostress.ch\/wp-content\/uploads\/2025\/03\/mgschwind.jpg\" class=\"attachment-large size-large wp-image-1634\" alt=\"\" srcset=\"https:\/\/stressnostress.ch\/wp-content\/uploads\/2025\/03\/mgschwind.jpg 600w, https:\/\/stressnostress.ch\/wp-content\/uploads\/2025\/03\/mgschwind-300x300.jpg 300w, https:\/\/stressnostress.ch\/wp-content\/uploads\/2025\/03\/mgschwind-150x150.webp 150w\" sizes=\"(max-width: 600px) 100vw, 600px\" \/>\t\t\t\t\t\t\t\t\t\t\t\t\t\t\t<\/div>\n\t\t\t\t<\/div>\n\t\t\t\t<\/div>\n\t\t<div class=\"elementor-element elementor-element-9f5180f e-con-full e-flex e-con e-child\" data-id=\"9f5180f\" data-element_type=\"container\" data-e-type=\"container\">\n\t\t\t\t<div class=\"elementor-element elementor-element-128948f elementor-widget elementor-widget-text-editor\" data-id=\"128948f\" data-element_type=\"widget\" data-e-type=\"widget\" data-widget_type=\"text-editor.default\">\n\t\t\t\t<div class=\"elementor-widget-container\">\n\t\t\t\t\t\t\t\t\t<p>mfgschwind human consulting<br \/>Lic. Phil.<br \/>Fachpsychologe f\u00fcr Coaching-Psychologie FSP<br \/><br \/>Herr Michael Gschwind<br \/>Steinenring 40<br \/>4051 Basel<br \/>+41 61 283 14 20<br \/><br \/><a href=\"mailto:info@mfgschwind.ch\">info@mfgschwind.ch<\/a><br \/><a href=\"https:\/\/www.mfgschwind.ch\/\">https:\/\/www.mfgschwind.ch\/<\/a><br \/><br \/><strong>Angebot:<\/strong><br \/>F\u00fchrungscoaching, Laufbahnberatung, Teamentwicklung<br \/><br \/><strong>Spezielle Kenntnisse \/ Angebote:<\/strong><br \/>Spezialisiert auf nachhaltige berufliche Entwicklungen von Menschen und Organisationen. Experte f\u00fcr Potentialanalysen und Assessments. Langj\u00e4hrige Erfahrung in der F\u00fchrungsentwicklung.<br \/><br \/><strong>Weitere Angaben:<\/strong><br \/>Ausgebildeter Organisationsentwickler mit Erfahrung in Beratung \u00f6ffentlich-rechtlicher Organisationen<\/p>\t\t\t\t\t\t\t\t<\/div>\n\t\t\t\t<\/div>\n\t\t\t\t<\/div>\n\t\t\t\t<\/div>\n\t\t\t\t<div class=\"elementor-element elementor-element-9991176 elementor-widget elementor-widget-heading\" data-id=\"9991176\" data-element_type=\"widget\" data-e-type=\"widget\" data-widget_type=\"heading.default\">\n\t\t\t\t<div class=\"elementor-widget-container\">\n\t\t\t\t\t<h2 class=\"elementor-heading-title elementor-size-default\">Berne<\/h2>\t\t\t\t<\/div>\n\t\t\t\t<\/div>\n\t\t<div class=\"elementor-element elementor-element-b5bdd86 e-con-full e-flex e-con e-child\" data-id=\"b5bdd86\" data-element_type=\"container\" data-e-type=\"container\">\n\t\t<div class=\"elementor-element elementor-element-ebc4f1a e-con-full e-flex e-con e-child\" data-id=\"ebc4f1a\" data-element_type=\"container\" data-e-type=\"container\" data-settings=\"{&quot;background_background&quot;:&quot;classic&quot;}\">\n\t\t\t\t<div class=\"elementor-element elementor-element-a5c677f elementor-widget__width-initial elementor-widget elementor-widget-image\" data-id=\"a5c677f\" data-element_type=\"widget\" data-e-type=\"widget\" data-widget_type=\"image.default\">\n\t\t\t\t<div class=\"elementor-widget-container\">\n\t\t\t\t\t\t\t\t\t\t\t\t\t\t\t<img loading=\"lazy\" decoding=\"async\" width=\"730\" height=\"730\" src=\"https:\/\/stressnostress.ch\/wp-content\/uploads\/2025\/03\/kkopse.jpg\" class=\"attachment-large size-large wp-image-1427\" alt=\"\" srcset=\"https:\/\/stressnostress.ch\/wp-content\/uploads\/2025\/03\/kkopse.jpg 730w, https:\/\/stressnostress.ch\/wp-content\/uploads\/2025\/03\/kkopse-300x300.jpg 300w, https:\/\/stressnostress.ch\/wp-content\/uploads\/2025\/03\/kkopse-150x150.jpg 150w\" sizes=\"(max-width: 730px) 100vw, 730px\" \/>\t\t\t\t\t\t\t\t\t\t\t\t\t\t\t<\/div>\n\t\t\t\t<\/div>\n\t\t\t\t<\/div>\n\t\t<div class=\"elementor-element elementor-element-03cf249 e-con-full e-flex e-con e-child\" data-id=\"03cf249\" data-element_type=\"container\" data-e-type=\"container\">\n\t\t\t\t<div class=\"elementor-element elementor-element-a69cca0 elementor-widget elementor-widget-text-editor\" data-id=\"a69cca0\" data-element_type=\"widget\" data-e-type=\"widget\" data-widget_type=\"text-editor.default\">\n\t\t\t\t<div class=\"elementor-widget-container\">\n\t\t\t\t\t\t\t\t\t<p>Fokus Raum Karin Kopse Coaching<br \/>lic. phil.<br \/>Fachpsychologin f\u00fcr Coaching Psychologie FSP<\/p><p>Frau Karin Kopse<br \/>Maulbeerstrasse 14<br \/>3011 Bern<br \/>+41 313520445<\/p><p><a href=\"mailto:hallo@fokusraum.ch\">hallo@fokusraum.ch<\/a><br \/><a href=\"https:\/\/www.fokusraum.ch\/\">https:\/\/www.fokusraum.ch\/<\/a><\/p><p><strong>Spezielle Kenntnisse \/ Angebote:<\/strong><br \/>hypnosystemischen,\u00a0l\u00f6sungs- und ressourcenorientierten Coaching,\u00a0 Laufbahnberatung,Team- oder Organisationcoaching: Finden von L\u00f6sungen mit Fokus auf Ressourcen, Kompetenzen und F\u00e4higkeiten.<\/p><p><strong>Weitere Angaben:<\/strong><br \/>Einzelpersonen, KMUs, Organisationen, Gruppen<\/p>\t\t\t\t\t\t\t\t<\/div>\n\t\t\t\t<\/div>\n\t\t\t\t<\/div>\n\t\t\t\t<\/div>\n\t\t<div class=\"elementor-element elementor-element-d9c779d e-con-full e-flex e-con e-child\" data-id=\"d9c779d\" data-element_type=\"container\" data-e-type=\"container\">\n\t\t<div class=\"elementor-element elementor-element-4656c0c e-con-full e-flex e-con e-child\" data-id=\"4656c0c\" data-element_type=\"container\" data-e-type=\"container\" data-settings=\"{&quot;background_background&quot;:&quot;classic&quot;}\">\n\t\t\t\t<div class=\"elementor-element elementor-element-0278e13 elementor-widget__width-initial elementor-widget elementor-widget-image\" data-id=\"0278e13\" data-element_type=\"widget\" data-e-type=\"widget\" data-widget_type=\"image.default\">\n\t\t\t\t<div class=\"elementor-widget-container\">\n\t\t\t\t\t\t\t\t\t\t\t\t\t\t\t<img loading=\"lazy\" decoding=\"async\" width=\"662\" height=\"662\" src=\"https:\/\/stressnostress.ch\/wp-content\/uploads\/2025\/03\/bruetschi.jpg\" class=\"attachment-large size-large wp-image-1432\" alt=\"\" srcset=\"https:\/\/stressnostress.ch\/wp-content\/uploads\/2025\/03\/bruetschi.jpg 662w, https:\/\/stressnostress.ch\/wp-content\/uploads\/2025\/03\/bruetschi-300x300.jpg 300w, https:\/\/stressnostress.ch\/wp-content\/uploads\/2025\/03\/bruetschi-150x150.jpg 150w\" sizes=\"(max-width: 662px) 100vw, 662px\" \/>\t\t\t\t\t\t\t\t\t\t\t\t\t\t\t<\/div>\n\t\t\t\t<\/div>\n\t\t\t\t<\/div>\n\t\t<div class=\"elementor-element elementor-element-bd26cff e-con-full e-flex e-con e-child\" data-id=\"bd26cff\" data-element_type=\"container\" data-e-type=\"container\">\n\t\t\t\t<div class=\"elementor-element elementor-element-2775e13 elementor-widget elementor-widget-text-editor\" data-id=\"2775e13\" data-element_type=\"widget\" data-e-type=\"widget\" data-widget_type=\"text-editor.default\">\n\t\t\t\t<div class=\"elementor-widget-container\">\n\t\t\t\t\t\t\t\t\t<p>BR-Coaching &#8211; Barbara R\u00fcetschi<br \/>lic. phil. Arbeits- und Organisationspsychologin<br \/>Fachpsychologin f\u00fcr Coaching-Psychologie FSP<\/p><p>Frau Barbara R\u00fcetschi<br \/>Kramgasse 33<br \/>3011 Bern<\/p><p>B\u00e4lliz 61<br \/>3600 Thun<br \/>+41 79 713 60 61<\/p><p><a href=\"mailto:mail@br-coaching.ch\">mail@br-coaching.ch<\/a><br \/><a href=\"https:\/\/br-coaching.ch\">https:\/\/br-coaching.ch<\/a><br \/><strong><br \/>Angebot:<\/strong><br \/>Einzel- und Firmenberatung zu &#8220;Arbeit &amp; Gesundheit&#8221;<\/p><p><strong>Spezielle Kenntnisse \/ Angebote:<\/strong><br \/>Stressmanagement, Arbeit und (psychische) Gesundheit; Burnout; Job Coaching mit Begleitung am Arbeitsplatz; F\u00fchrung und Teamentwicklung; Kommunikation und Gespr\u00e4chsf\u00fchrung<br \/><strong><br \/>Weitere Angaben:<\/strong><br \/>Weiteres: berufliche und pers\u00f6nliche Standortbestimmung; Pers\u00f6nlichkeits-\/Selbstentwicklung; Einzel- &amp; Teamsupervision<\/p>\t\t\t\t\t\t\t\t<\/div>\n\t\t\t\t<\/div>\n\t\t\t\t<\/div>\n\t\t\t\t<\/div>\n\t\t<div class=\"elementor-element elementor-element-c5c4f84 e-con-full e-flex e-con e-child\" data-id=\"c5c4f84\" data-element_type=\"container\" data-e-type=\"container\">\n\t\t<div class=\"elementor-element elementor-element-94cb0a8 e-con-full e-flex e-con e-child\" data-id=\"94cb0a8\" data-element_type=\"container\" data-e-type=\"container\" data-settings=\"{&quot;background_background&quot;:&quot;classic&quot;}\">\n\t\t\t\t<div class=\"elementor-element elementor-element-2fd764f elementor-widget__width-initial elementor-widget elementor-widget-image\" data-id=\"2fd764f\" data-element_type=\"widget\" data-e-type=\"widget\" data-widget_type=\"image.default\">\n\t\t\t\t<div class=\"elementor-widget-container\">\n\t\t\t\t\t\t\t\t\t\t\t\t\t\t\t<img loading=\"lazy\" decoding=\"async\" width=\"800\" height=\"800\" src=\"https:\/\/stressnostress.ch\/wp-content\/uploads\/2025\/03\/AndiZemp.jpg\" class=\"attachment-large size-large wp-image-1513\" alt=\"\" srcset=\"https:\/\/stressnostress.ch\/wp-content\/uploads\/2025\/03\/AndiZemp.jpg 800w, https:\/\/stressnostress.ch\/wp-content\/uploads\/2025\/03\/AndiZemp-300x300.jpg 300w, https:\/\/stressnostress.ch\/wp-content\/uploads\/2025\/03\/AndiZemp-150x150.jpg 150w, https:\/\/stressnostress.ch\/wp-content\/uploads\/2025\/03\/AndiZemp-768x768.jpg 768w\" sizes=\"(max-width: 800px) 100vw, 800px\" \/>\t\t\t\t\t\t\t\t\t\t\t\t\t\t\t<\/div>\n\t\t\t\t<\/div>\n\t\t\t\t<\/div>\n\t\t<div class=\"elementor-element elementor-element-138b055 e-con-full e-flex e-con e-child\" data-id=\"138b055\" data-element_type=\"container\" data-e-type=\"container\">\n\t\t\t\t<div class=\"elementor-element elementor-element-7f22768 elementor-widget elementor-widget-text-editor\" data-id=\"7f22768\" data-element_type=\"widget\" data-e-type=\"widget\" data-widget_type=\"text-editor.default\">\n\t\t\t\t<div class=\"elementor-widget-container\">\n\t\t\t\t\t\t\t\t\t<p>lic. phil. <br \/>Fachpsychologe f\u00fcr Psychotherapie FSP<br \/><br \/>Herr Andi Zemp<br \/>Praxis am Kafigturm<br \/>Spitalgasse 14<br \/>3011 Bern<br \/>+41 79 397 71 00<br \/><br \/><a href=\"mailto:andi.zemp@psychologie.ch\">andi.zemp@psychologie.ch<\/a><br \/><a href=\"http:\/\/www.andizemp.ch\">www.andizemp.ch<\/a> <br \/><br \/><strong>Angebot:<\/strong><br \/>Coaching, Beratung, Schulung, workshop, Psychotherapie<br \/><br \/><strong>Spezielle Kenntnisse \/ Angebote:<\/strong><br \/>Experte f\u00fcr Burnout und Stressfolgest\u00f6rungen, Erfahrung in Personal- und Organisationsentwicklung und Change-Managment, F\u00fchrungscoaching<\/p>\t\t\t\t\t\t\t\t<\/div>\n\t\t\t\t<\/div>\n\t\t\t\t<\/div>\n\t\t\t\t<\/div>\n\t\t<div class=\"elementor-element elementor-element-5dfd521 e-con-full e-flex e-con e-child\" data-id=\"5dfd521\" data-element_type=\"container\" data-e-type=\"container\">\n\t\t<div class=\"elementor-element elementor-element-1afed5b e-con-full e-flex e-con e-child\" data-id=\"1afed5b\" data-element_type=\"container\" data-e-type=\"container\" data-settings=\"{&quot;background_background&quot;:&quot;classic&quot;}\">\n\t\t\t\t<div class=\"elementor-element elementor-element-795a4c7 elementor-widget__width-initial elementor-widget elementor-widget-image\" data-id=\"795a4c7\" data-element_type=\"widget\" data-e-type=\"widget\" data-widget_type=\"image.default\">\n\t\t\t\t<div class=\"elementor-widget-container\">\n\t\t\t\t\t\t\t\t\t\t\t\t\t\t\t<img loading=\"lazy\" decoding=\"async\" width=\"706\" height=\"706\" src=\"https:\/\/stressnostress.ch\/wp-content\/uploads\/2025\/03\/izumwald.webp\" class=\"attachment-large size-large wp-image-1579\" alt=\"\" srcset=\"https:\/\/stressnostress.ch\/wp-content\/uploads\/2025\/03\/izumwald.webp 706w, https:\/\/stressnostress.ch\/wp-content\/uploads\/2025\/03\/izumwald-300x300.webp 300w, https:\/\/stressnostress.ch\/wp-content\/uploads\/2025\/03\/izumwald-150x150.webp 150w\" sizes=\"(max-width: 706px) 100vw, 706px\" \/>\t\t\t\t\t\t\t\t\t\t\t\t\t\t\t<\/div>\n\t\t\t\t<\/div>\n\t\t\t\t<\/div>\n\t\t<div class=\"elementor-element elementor-element-0973ead e-con-full e-flex e-con e-child\" data-id=\"0973ead\" data-element_type=\"container\" data-e-type=\"container\">\n\t\t\t\t<div class=\"elementor-element elementor-element-35dfe68 elementor-widget elementor-widget-text-editor\" data-id=\"35dfe68\" data-element_type=\"widget\" data-e-type=\"widget\" data-widget_type=\"text-editor.default\">\n\t\t\t\t<div class=\"elementor-widget-container\">\n\t\t\t\t\t\t\t\t\t<p>Zumwald Coaching<br \/>MSc<br \/>Fachpsychologin f\u00fcr Laufbahn- und Personalpsychologie FSP<br \/><br \/>Frau Isabelle Zumwald-Hess<br \/>M\u00fcnstergasse 34<br \/>3011 Bern<br \/>+41 78 845 40 02<br \/><br \/><a href=\"mailto:mail@zumwald-coaching.ch\">mail@zumwald-coaching.ch<\/a><br \/><a href=\"http:\/\/www.zumwald-coaching.ch\">www.zumwald-coaching.ch<\/a><br \/><br \/><strong>Angebot:<\/strong><br \/>F\u00fchrungs- &amp; Laufbahncoaching, ADHS-Coaching, Supervision<br \/><br \/><strong>Spezielle Kenntnisse \/ Angebote:<\/strong><br \/>F\u00fchrungscoaching, Berufs- und Laufbahnberatung, ADHS- und Life Design Coaching, betriebliches Gesundheitsmanagement, Arbeitsintegration, Work-Life-Balance, Burnout-Pr\u00e4vention, Selbstwert, Selbstwirksamkeit, Achtsamkeit<br \/><br \/><strong>Weitere Angaben:<\/strong><br \/>Die Coachings finden drinnen, online oder draussen in der Natur statt.<\/p>\t\t\t\t\t\t\t\t<\/div>\n\t\t\t\t<\/div>\n\t\t\t\t<\/div>\n\t\t\t\t<\/div>\n\t\t\t\t<div class=\"elementor-element elementor-element-1131fdb elementor-widget elementor-widget-heading\" data-id=\"1131fdb\" data-element_type=\"widget\" data-e-type=\"widget\" data-widget_type=\"heading.default\">\n\t\t\t\t<div class=\"elementor-widget-container\">\n\t\t\t\t\t<h2 class=\"elementor-heading-title elementor-size-default\">Gen\u00e8ve<\/h2>\t\t\t\t<\/div>\n\t\t\t\t<\/div>\n\t\t<div class=\"elementor-element elementor-element-27b0805 e-con-full e-flex e-con e-child\" data-id=\"27b0805\" data-element_type=\"container\" data-e-type=\"container\">\n\t\t<div class=\"elementor-element elementor-element-1a0e0bf e-con-full e-flex e-con e-child\" data-id=\"1a0e0bf\" data-element_type=\"container\" data-e-type=\"container\" data-settings=\"{&quot;background_background&quot;:&quot;classic&quot;}\">\n\t\t\t\t<div class=\"elementor-element elementor-element-3806c20 elementor-widget__width-initial elementor-widget elementor-widget-image\" data-id=\"3806c20\" data-element_type=\"widget\" data-e-type=\"widget\" data-widget_type=\"image.default\">\n\t\t\t\t<div class=\"elementor-widget-container\">\n\t\t\t\t\t\t\t\t\t\t\t\t\t\t\t<img loading=\"lazy\" decoding=\"async\" width=\"450\" height=\"450\" src=\"https:\/\/stressnostress.ch\/wp-content\/uploads\/2025\/03\/avatar-1.webp\" class=\"attachment-large size-large wp-image-1373\" alt=\"\" srcset=\"https:\/\/stressnostress.ch\/wp-content\/uploads\/2025\/03\/avatar-1.webp 450w, https:\/\/stressnostress.ch\/wp-content\/uploads\/2025\/03\/avatar-1-300x300.webp 300w, https:\/\/stressnostress.ch\/wp-content\/uploads\/2025\/03\/avatar-1-150x150.webp 150w\" sizes=\"(max-width: 450px) 100vw, 450px\" \/>\t\t\t\t\t\t\t\t\t\t\t\t\t\t\t<\/div>\n\t\t\t\t<\/div>\n\t\t\t\t<\/div>\n\t\t<div class=\"elementor-element elementor-element-a07b710 e-con-full e-flex e-con e-child\" data-id=\"a07b710\" data-element_type=\"container\" data-e-type=\"container\">\n\t\t\t\t<div class=\"elementor-element elementor-element-6a3f69e elementor-widget elementor-widget-text-editor\" data-id=\"6a3f69e\" data-element_type=\"widget\" data-e-type=\"widget\" data-widget_type=\"text-editor.default\">\n\t\t\t\t<div class=\"elementor-widget-container\">\n\t\t\t\t\t\t\t\t\t<p>Cabinet de Psychologie Appliqu\u00e9e<br \/>licence et dipl\u00f4me en psychologie<br \/>psychologue sp\u00e9cicaliste en psychoth\u00e9rapie FSP<\/p><p>Monsieur Rolf Stauffer<br \/>108 rue des Eaux-Vives<br \/>1207 Gen\u00e8ve<br \/>+41 22 700 41 10<\/p><p><a href=\"mailto:rolf.stauffer@psy-coach.ch\">rolf.stauffer@psy-coach.ch<\/a><br \/><a href=\"https:\/\/www.psy-coach.ch\">https:\/\/www.psy-coach.ch<\/a><\/p><p><strong>Services:<\/strong><br \/>Gestion du stress<\/p>\t\t\t\t\t\t\t\t<\/div>\n\t\t\t\t<\/div>\n\t\t\t\t<\/div>\n\t\t\t\t<\/div>\n\t\t\t\t<div class=\"elementor-element elementor-element-6e8360c elementor-widget elementor-widget-heading\" data-id=\"6e8360c\" data-element_type=\"widget\" data-e-type=\"widget\" data-widget_type=\"heading.default\">\n\t\t\t\t<div class=\"elementor-widget-container\">\n\t\t\t\t\t<h2 class=\"elementor-heading-title elementor-size-default\">Jura<\/h2>\t\t\t\t<\/div>\n\t\t\t\t<\/div>\n\t\t<div class=\"elementor-element elementor-element-c3c9a30 e-con-full e-flex e-con e-child\" data-id=\"c3c9a30\" data-element_type=\"container\" data-e-type=\"container\">\n\t\t<div class=\"elementor-element elementor-element-e06c86b e-con-full e-flex e-con e-child\" data-id=\"e06c86b\" data-element_type=\"container\" data-e-type=\"container\" data-settings=\"{&quot;background_background&quot;:&quot;classic&quot;}\">\n\t\t\t\t<div class=\"elementor-element elementor-element-65a40cf elementor-widget__width-initial elementor-widget elementor-widget-image\" data-id=\"65a40cf\" data-element_type=\"widget\" data-e-type=\"widget\" data-widget_type=\"image.default\">\n\t\t\t\t<div class=\"elementor-widget-container\">\n\t\t\t\t\t\t\t\t\t\t\t\t\t\t\t<img loading=\"lazy\" decoding=\"async\" width=\"714\" height=\"714\" src=\"https:\/\/stressnostress.ch\/wp-content\/uploads\/2025\/03\/nkamber.webp\" class=\"attachment-large size-large wp-image-1617\" alt=\"\" srcset=\"https:\/\/stressnostress.ch\/wp-content\/uploads\/2025\/03\/nkamber.webp 714w, https:\/\/stressnostress.ch\/wp-content\/uploads\/2025\/03\/nkamber-300x300.webp 300w, https:\/\/stressnostress.ch\/wp-content\/uploads\/2025\/03\/nkamber-150x150.png 150w\" sizes=\"(max-width: 714px) 100vw, 714px\" \/>\t\t\t\t\t\t\t\t\t\t\t\t\t\t\t<\/div>\n\t\t\t\t<\/div>\n\t\t\t\t<\/div>\n\t\t<div class=\"elementor-element elementor-element-b1f5792 e-con-full e-flex e-con e-child\" data-id=\"b1f5792\" data-element_type=\"container\" data-e-type=\"container\">\n\t\t\t\t<div class=\"elementor-element elementor-element-24ed1be elementor-widget elementor-widget-text-editor\" data-id=\"24ed1be\" data-element_type=\"widget\" data-e-type=\"widget\" data-widget_type=\"text-editor.default\">\n\t\t\t\t<div class=\"elementor-widget-container\">\n\t\t\t\t\t\t\t\t\t<p>Espace Oll\u00efn<br \/>MSc en psychologie clinique et de la sant\u00e9<\/p><p>Madame Nathalie Kamber<br \/>Rue du Nord 9<br \/>2800 Del\u00e9mont<br \/><br \/><a href=\"mailto:nathalie.kamber@espaceollin.ch\">nathalie.kamber@espaceollin.ch<\/a><br \/><a href=\"https:\/\/espaceollin.ch\">https:\/\/espaceollin.ch<\/a><br \/><br \/><strong>Services:<\/strong><br \/>Accompagnement psychologique<br \/><br \/><strong>Connaissance sp\u00e9ciales \/ services propos\u00e9s:<br \/><\/strong>Accompagnement individuel \u00e0 la gestion du stress, pr\u00e9vention et traitement du burnout, ateliers et formations en entreprise relatifs \u00e0 la compr\u00e9hension et \u00e0 la gestion du stress<br \/><br \/><strong>Indications suppl\u00e9mentaires:<\/strong><br \/>Approches int\u00e9gratives corps-esprit<\/p>\t\t\t\t\t\t\t\t<\/div>\n\t\t\t\t<\/div>\n\t\t\t\t<\/div>\n\t\t\t\t<\/div>\n\t\t\t\t<div class=\"elementor-element elementor-element-9a8476b elementor-widget elementor-widget-heading\" data-id=\"9a8476b\" data-element_type=\"widget\" data-e-type=\"widget\" data-widget_type=\"heading.default\">\n\t\t\t\t<div class=\"elementor-widget-container\">\n\t\t\t\t\t<h2 class=\"elementor-heading-title elementor-size-default\">Lucerne<\/h2>\t\t\t\t<\/div>\n\t\t\t\t<\/div>\n\t\t<div class=\"elementor-element elementor-element-8a5ef48 e-con-full e-flex e-con e-child\" data-id=\"8a5ef48\" data-element_type=\"container\" data-e-type=\"container\">\n\t\t<div class=\"elementor-element elementor-element-5af6e86 e-con-full e-flex e-con e-child\" data-id=\"5af6e86\" data-element_type=\"container\" data-e-type=\"container\" data-settings=\"{&quot;background_background&quot;:&quot;classic&quot;}\">\n\t\t\t\t<div class=\"elementor-element elementor-element-2c5cb3f elementor-widget__width-initial elementor-widget elementor-widget-image\" data-id=\"2c5cb3f\" data-element_type=\"widget\" data-e-type=\"widget\" data-widget_type=\"image.default\">\n\t\t\t\t<div class=\"elementor-widget-container\">\n\t\t\t\t\t\t\t\t\t\t\t\t\t\t\t<img loading=\"lazy\" decoding=\"async\" width=\"450\" height=\"450\" src=\"https:\/\/stressnostress.ch\/wp-content\/uploads\/2025\/03\/avatar-1.webp\" class=\"attachment-large size-large wp-image-1373\" alt=\"\" srcset=\"https:\/\/stressnostress.ch\/wp-content\/uploads\/2025\/03\/avatar-1.webp 450w, https:\/\/stressnostress.ch\/wp-content\/uploads\/2025\/03\/avatar-1-300x300.webp 300w, https:\/\/stressnostress.ch\/wp-content\/uploads\/2025\/03\/avatar-1-150x150.webp 150w\" sizes=\"(max-width: 450px) 100vw, 450px\" \/>\t\t\t\t\t\t\t\t\t\t\t\t\t\t\t<\/div>\n\t\t\t\t<\/div>\n\t\t\t\t<\/div>\n\t\t<div class=\"elementor-element elementor-element-6cd03c3 e-con-full e-flex e-con e-child\" data-id=\"6cd03c3\" data-element_type=\"container\" data-e-type=\"container\">\n\t\t\t\t<div class=\"elementor-element elementor-element-904fd7a elementor-widget elementor-widget-text-editor\" data-id=\"904fd7a\" data-element_type=\"widget\" data-e-type=\"widget\" data-widget_type=\"text-editor.default\">\n\t\t\t\t<div class=\"elementor-widget-container\">\n\t\t\t\t\t\t\t\t\t<p>Praxis Niederhauser Biofeedback und Neurofeedback<br \/>MSc Psychology<br \/>Biofeedback-Therapeutin<\/p><p>Frau Sandra Niederhauser<br \/>Obertor 6<br \/>4915 St. Urban<br \/>+41 62 9292020<\/p><p><a href=\"mailto:info@praxis-niederhauser.ch\">info@praxis-niederhauser.ch<\/a><br \/><a href=\"https:\/\/www.praxis-niederhauser.ch\">https:\/\/www.praxis-niederhauser.ch<\/a><\/p><p><strong>Angebot:<\/strong><br \/>Biofeedback und Neurofeedback<\/p><p><strong>Spezielle Kenntnisse \/ Angebote:<\/strong><br \/>Stressanalyse mit HRV (24-Stunden-EKG), Burnoutpr\u00e4vention, Stressmanagement, Stresserkrankungen<\/p>\t\t\t\t\t\t\t\t<\/div>\n\t\t\t\t<\/div>\n\t\t\t\t<\/div>\n\t\t\t\t<\/div>\n\t\t\t\t<div class=\"elementor-element elementor-element-23583a6 elementor-widget elementor-widget-heading\" data-id=\"23583a6\" data-element_type=\"widget\" data-e-type=\"widget\" data-widget_type=\"heading.default\">\n\t\t\t\t<div class=\"elementor-widget-container\">\n\t\t\t\t\t<h2 class=\"elementor-heading-title elementor-size-default\">Saint-Gall<\/h2>\t\t\t\t<\/div>\n\t\t\t\t<\/div>\n\t\t<div class=\"elementor-element elementor-element-311388e e-con-full e-flex e-con e-child\" data-id=\"311388e\" data-element_type=\"container\" data-e-type=\"container\">\n\t\t<div class=\"elementor-element elementor-element-3665b0e e-con-full e-flex e-con e-child\" data-id=\"3665b0e\" data-element_type=\"container\" data-e-type=\"container\" data-settings=\"{&quot;background_background&quot;:&quot;classic&quot;}\">\n\t\t\t\t<div class=\"elementor-element elementor-element-3a3b027 elementor-widget__width-initial elementor-widget elementor-widget-image\" data-id=\"3a3b027\" data-element_type=\"widget\" data-e-type=\"widget\" data-widget_type=\"image.default\">\n\t\t\t\t<div class=\"elementor-widget-container\">\n\t\t\t\t\t\t\t\t\t\t\t\t\t\t\t<img loading=\"lazy\" decoding=\"async\" width=\"324\" height=\"332\" src=\"https:\/\/stressnostress.ch\/wp-content\/uploads\/2025\/03\/ngajic.png\" class=\"attachment-large size-large wp-image-1562\" alt=\"\" srcset=\"https:\/\/stressnostress.ch\/wp-content\/uploads\/2025\/03\/ngajic.png 324w, https:\/\/stressnostress.ch\/wp-content\/uploads\/2025\/03\/ngajic-293x300.png 293w\" sizes=\"(max-width: 324px) 100vw, 324px\" \/>\t\t\t\t\t\t\t\t\t\t\t\t\t\t\t<\/div>\n\t\t\t\t<\/div>\n\t\t\t\t<\/div>\n\t\t<div class=\"elementor-element elementor-element-3f2d666 e-con-full e-flex e-con e-child\" data-id=\"3f2d666\" data-element_type=\"container\" data-e-type=\"container\">\n\t\t\t\t<div class=\"elementor-element elementor-element-b17d076 elementor-widget elementor-widget-text-editor\" data-id=\"b17d076\" data-element_type=\"widget\" data-e-type=\"widget\" data-widget_type=\"text-editor.default\">\n\t\t\t\t<div class=\"elementor-widget-container\">\n\t\t\t\t\t\t\t\t\t<p>Strong Roots Nadja Gajic <br \/>lic. phil.<br \/>Resilienz und Stressbew\u00e4ltigung<br \/>Frau Nadja Gajic<br \/>Rotackerstrasse 55<br \/>8645 Jona<br \/>+41 78 681 56 72<\/p><p><a href=\"mailto:mail@strongroots.ch\">mail@strongroots.ch<\/a><br \/><a href=\"http:\/\/www.strongroots.ch\">www.strongroots.ch<\/a><\/p><p><strong>Angebot:<\/strong><br \/>1:1-Coaching, Workshops f\u00fcr Teams, Vortr\u00e4ge<\/p><p><strong>Spezielle Kenntnisse \/ Angebote:<\/strong><br \/>Psychologin, Resilienz-Coach und -Trainerin mit Schwerpunkt psychische Widerstandskraft und Stressbew\u00e4ltigung. Ich biete psychologische Beratung, 1:1-Coaching, Team-Workshops &amp; Vortr\u00e4ge an, um Menschen und Teams zu st\u00e4rken und Herausforderungen souver\u00e4n zu meistern.<\/p>\t\t\t\t\t\t\t\t<\/div>\n\t\t\t\t<\/div>\n\t\t\t\t<\/div>\n\t\t\t\t<\/div>\n\t\t<div class=\"elementor-element elementor-element-f1b61c6 e-con-full e-flex e-con e-child\" data-id=\"f1b61c6\" data-element_type=\"container\" data-e-type=\"container\">\n\t\t<div class=\"elementor-element elementor-element-baa13c7 e-con-full e-flex e-con e-child\" data-id=\"baa13c7\" data-element_type=\"container\" data-e-type=\"container\" data-settings=\"{&quot;background_background&quot;:&quot;classic&quot;}\">\n\t\t\t\t<div class=\"elementor-element elementor-element-09989a8 elementor-widget__width-initial elementor-widget elementor-widget-image\" data-id=\"09989a8\" data-element_type=\"widget\" data-e-type=\"widget\" data-widget_type=\"image.default\">\n\t\t\t\t<div class=\"elementor-widget-container\">\n\t\t\t\t\t\t\t\t\t\t\t\t\t\t\t<img loading=\"lazy\" decoding=\"async\" width=\"648\" height=\"650\" src=\"https:\/\/stressnostress.ch\/wp-content\/uploads\/2025\/03\/iscarpatetti.webp\" class=\"attachment-large size-large wp-image-1627\" alt=\"\" srcset=\"https:\/\/stressnostress.ch\/wp-content\/uploads\/2025\/03\/iscarpatetti.webp 648w, https:\/\/stressnostress.ch\/wp-content\/uploads\/2025\/03\/iscarpatetti-300x300.webp 300w, https:\/\/stressnostress.ch\/wp-content\/uploads\/2025\/03\/iscarpatetti-150x150.webp 150w\" sizes=\"(max-width: 648px) 100vw, 648px\" \/>\t\t\t\t\t\t\t\t\t\t\t\t\t\t\t<\/div>\n\t\t\t\t<\/div>\n\t\t\t\t<\/div>\n\t\t<div class=\"elementor-element elementor-element-9884805 e-con-full e-flex e-con e-child\" data-id=\"9884805\" data-element_type=\"container\" data-e-type=\"container\">\n\t\t\t\t<div class=\"elementor-element elementor-element-c3e7687 elementor-widget elementor-widget-text-editor\" data-id=\"c3e7687\" data-element_type=\"widget\" data-e-type=\"widget\" data-widget_type=\"text-editor.default\">\n\t\t\t\t<div class=\"elementor-widget-container\">\n\t\t\t\t\t\t\t\t\t<p>Praxis<br \/>Lic. phil.<br \/>Fachpsychologin f\u00fcr Psychotherapie, FSP-zertifiziert f\u00fcr Opferhilfe- Therapie, ZQ Spezielle Psychotraumatherapie DeGPT, Notfallpsychologin BDP<br \/><br \/>Frau Ilse Scarpatetti<br \/>Vadianstr. 33<br \/>9000 St. Gallen<br \/>+41 76 411 69 17<\/p><p><a href=\"mailto:scarpatetti@psychologie.ch\">scarpatetti@psychologie.ch<\/a><br \/><a href=\"mailto:stress-und-trauma@gmx.net\">stress-und-trauma@gmx.net<\/a><br \/><a href=\"https:\/\/scarpatetti.info\/\">https:\/\/scarpatetti.info\/<\/a><br \/><br \/><strong>Angebot:<\/strong><br \/>Therapie, Beratung, Stressmanagement, Autogenes Training<br \/><strong><br \/>Spezielle Kenntnisse \/ Angebote:<\/strong><br \/>Notfallpsychologie, Entspannungsverfahren, Paarberatung, Mediation<\/p>\t\t\t\t\t\t\t\t<\/div>\n\t\t\t\t<\/div>\n\t\t\t\t<\/div>\n\t\t\t\t<\/div>\n\t\t\t\t<div class=\"elementor-element elementor-element-a6e0e57 elementor-widget elementor-widget-heading\" data-id=\"a6e0e57\" data-element_type=\"widget\" data-e-type=\"widget\" data-widget_type=\"heading.default\">\n\t\t\t\t<div class=\"elementor-widget-container\">\n\t\t\t\t\t<h2 class=\"elementor-heading-title elementor-size-default\">Tessin<\/h2>\t\t\t\t<\/div>\n\t\t\t\t<\/div>\n\t\t<div class=\"elementor-element elementor-element-5f8542d e-con-full e-flex e-con e-child\" data-id=\"5f8542d\" data-element_type=\"container\" data-e-type=\"container\">\n\t\t<div class=\"elementor-element elementor-element-bb512e0 e-con-full e-flex e-con e-child\" data-id=\"bb512e0\" data-element_type=\"container\" data-e-type=\"container\" data-settings=\"{&quot;background_background&quot;:&quot;classic&quot;}\">\n\t\t\t\t<div class=\"elementor-element elementor-element-313fa5a elementor-widget__width-initial elementor-widget elementor-widget-image\" data-id=\"313fa5a\" data-element_type=\"widget\" data-e-type=\"widget\" data-widget_type=\"image.default\">\n\t\t\t\t<div class=\"elementor-widget-container\">\n\t\t\t\t\t\t\t\t\t\t\t\t\t\t\t<img loading=\"lazy\" decoding=\"async\" width=\"800\" height=\"800\" src=\"https:\/\/stressnostress.ch\/wp-content\/uploads\/2025\/03\/rdelco.jpg\" class=\"attachment-large size-large wp-image-1420\" alt=\"\" srcset=\"https:\/\/stressnostress.ch\/wp-content\/uploads\/2025\/03\/rdelco.jpg 808w, https:\/\/stressnostress.ch\/wp-content\/uploads\/2025\/03\/rdelco-300x300.jpg 300w, https:\/\/stressnostress.ch\/wp-content\/uploads\/2025\/03\/rdelco-150x150.jpg 150w, https:\/\/stressnostress.ch\/wp-content\/uploads\/2025\/03\/rdelco-768x768.jpg 768w\" sizes=\"(max-width: 800px) 100vw, 800px\" \/>\t\t\t\t\t\t\t\t\t\t\t\t\t\t\t<\/div>\n\t\t\t\t<\/div>\n\t\t\t\t<\/div>\n\t\t<div class=\"elementor-element elementor-element-242f655 e-con-full e-flex e-con e-child\" data-id=\"242f655\" data-element_type=\"container\" data-e-type=\"container\">\n\t\t\t\t<div class=\"elementor-element elementor-element-c0c3eba elementor-widget elementor-widget-text-editor\" data-id=\"c0c3eba\" data-element_type=\"widget\" data-e-type=\"widget\" data-widget_type=\"text-editor.default\">\n\t\t\t\t<div class=\"elementor-widget-container\">\n\t\t\t\t\t\t\t\t\t<p>Delc\u00f2 Consulting<br \/>Lic. e Dipl. Psicologia, Lic. Economia az. H.E.C<br \/>Psych. spec.FSP en d\u00e9velop. de carri\u00e8res et en ressources humaines<\/p><p>Signora Raffaella Delc\u00f2 <br \/>Via Cantonale 16<br \/>6919 Carabietta<br \/>+41 079 342 80 37<\/p><p><a href=\"mailto:info@raffaelladelco.ch\">info@raffaelladelco.ch<\/a>; <a href=\"mailto:raffaelacinzia.delco@psychologie.ch\">raffaelacinzia.delco@psychologie.ch<\/a><br \/><a href=\"http:\/\/www.raffaelladelco.ch\">www.raffaelladelco.ch<\/a><\/p><p><strong>Angebot:<\/strong><br \/>Consulenza, analisi, sostegno, strategie di coping<\/p><p><strong>Spezielle Kenntnisse \/ Angebote:<\/strong><br \/>Consulenza e sostegno in ambito di prevenzione\/ stress\/tutela dell&#8217;integrit\u00e0 personale e rischi psicosociali,persona di fiducia, formazione ,rilevamento dei rischi psicosociali in azienda,implementazione di misure a promozione della salute al lavoro<\/p><p><strong>Weitere Angaben:<\/strong><br \/>interventi a livello organizzativo\/aziendale e individuale<\/p>\t\t\t\t\t\t\t\t<\/div>\n\t\t\t\t<\/div>\n\t\t\t\t<\/div>\n\t\t\t\t<\/div>\n\t\t<div class=\"elementor-element elementor-element-1b65428 e-con-full e-flex e-con e-child\" data-id=\"1b65428\" data-element_type=\"container\" data-e-type=\"container\">\n\t\t<div class=\"elementor-element elementor-element-3332b4f e-con-full e-flex e-con e-child\" data-id=\"3332b4f\" data-element_type=\"container\" data-e-type=\"container\" data-settings=\"{&quot;background_background&quot;:&quot;classic&quot;}\">\n\t\t\t\t<div class=\"elementor-element elementor-element-c4b9b7d elementor-widget__width-initial elementor-widget elementor-widget-image\" data-id=\"c4b9b7d\" data-element_type=\"widget\" data-e-type=\"widget\" data-widget_type=\"image.default\">\n\t\t\t\t<div class=\"elementor-widget-container\">\n\t\t\t\t\t\t\t\t\t\t\t\t\t\t\t<img loading=\"lazy\" decoding=\"async\" width=\"690\" height=\"690\" src=\"https:\/\/stressnostress.ch\/wp-content\/uploads\/2025\/03\/elena1.jpg\" class=\"attachment-large size-large wp-image-1642\" alt=\"\" srcset=\"https:\/\/stressnostress.ch\/wp-content\/uploads\/2025\/03\/elena1.jpg 690w, https:\/\/stressnostress.ch\/wp-content\/uploads\/2025\/03\/elena1-300x300.jpg 300w, https:\/\/stressnostress.ch\/wp-content\/uploads\/2025\/03\/elena1-150x150.jpg 150w\" sizes=\"(max-width: 690px) 100vw, 690px\" \/>\t\t\t\t\t\t\t\t\t\t\t\t\t\t\t<\/div>\n\t\t\t\t<\/div>\n\t\t\t\t<\/div>\n\t\t<div class=\"elementor-element elementor-element-1e567fd e-con-full e-flex e-con e-child\" data-id=\"1e567fd\" data-element_type=\"container\" data-e-type=\"container\">\n\t\t\t\t<div class=\"elementor-element elementor-element-9ffce68 elementor-widget elementor-widget-text-editor\" data-id=\"9ffce68\" data-element_type=\"widget\" data-e-type=\"widget\" data-widget_type=\"text-editor.default\">\n\t\t\t\t<div class=\"elementor-widget-container\">\n\t\t\t\t\t\t\t\t\t<p>younique Sagl<br \/>Lic. Phil. I<br \/>Arbeits- und Organisationspsychologin<br \/><br \/>Frau Elena Tremante<br \/>Via Balestra 27<br \/>6900 Lugano<br \/>+41 79 788 3150<br \/><br \/><a href=\"mailto:elena@unlockyourtalent.ch\">elena@unlockyourtalent.ch<\/a><br \/><a href=\"http:\/\/www.unlockyourtalent.ch\">www.unlockyourtalent.ch<\/a><\/p><p><strong>Spezielle Kenntnisse \/ Angebote:<\/strong><br \/>Assessment &amp; Development Center, Executive &amp; Business Coaching, Workshop, Stressmanagement, Standortbestimmung, Outplacement<\/p>\t\t\t\t\t\t\t\t<\/div>\n\t\t\t\t<\/div>\n\t\t\t\t<\/div>\n\t\t\t\t<\/div>\n\t\t\t\t<div class=\"elementor-element elementor-element-f9693cd elementor-widget elementor-widget-heading\" data-id=\"f9693cd\" data-element_type=\"widget\" data-e-type=\"widget\" data-widget_type=\"heading.default\">\n\t\t\t\t<div class=\"elementor-widget-container\">\n\t\t\t\t\t<h2 class=\"elementor-heading-title elementor-size-default\">Thurgovie<\/h2>\t\t\t\t<\/div>\n\t\t\t\t<\/div>\n\t\t<div class=\"elementor-element elementor-element-cfce69d e-con-full e-flex e-con e-child\" data-id=\"cfce69d\" data-element_type=\"container\" data-e-type=\"container\">\n\t\t<div class=\"elementor-element elementor-element-28147ed e-con-full e-flex e-con e-child\" data-id=\"28147ed\" data-element_type=\"container\" data-e-type=\"container\" data-settings=\"{&quot;background_background&quot;:&quot;classic&quot;}\">\n\t\t\t\t<div class=\"elementor-element elementor-element-a7624e8 elementor-widget__width-initial elementor-widget elementor-widget-image\" data-id=\"a7624e8\" data-element_type=\"widget\" data-e-type=\"widget\" data-widget_type=\"image.default\">\n\t\t\t\t<div class=\"elementor-widget-container\">\n\t\t\t\t\t\t\t\t\t\t\t\t\t\t\t<img loading=\"lazy\" decoding=\"async\" width=\"572\" height=\"572\" src=\"https:\/\/stressnostress.ch\/wp-content\/uploads\/2025\/03\/nabtgurber.webp\" class=\"attachment-large size-large wp-image-1504\" alt=\"\" srcset=\"https:\/\/stressnostress.ch\/wp-content\/uploads\/2025\/03\/nabtgurber.webp 572w, https:\/\/stressnostress.ch\/wp-content\/uploads\/2025\/03\/nabtgurber-300x300.webp 300w, https:\/\/stressnostress.ch\/wp-content\/uploads\/2025\/03\/nabtgurber-150x150.webp 150w\" sizes=\"(max-width: 572px) 100vw, 572px\" \/>\t\t\t\t\t\t\t\t\t\t\t\t\t\t\t<\/div>\n\t\t\t\t<\/div>\n\t\t\t\t<\/div>\n\t\t<div class=\"elementor-element elementor-element-64d293d e-con-full e-flex e-con e-child\" data-id=\"64d293d\" data-element_type=\"container\" data-e-type=\"container\">\n\t\t\t\t<div class=\"elementor-element elementor-element-6130454 elementor-widget elementor-widget-text-editor\" data-id=\"6130454\" data-element_type=\"widget\" data-e-type=\"widget\" data-widget_type=\"text-editor.default\">\n\t\t\t\t<div class=\"elementor-widget-container\">\n\t\t\t\t\t\t\t\t\t<p>Dr. Abt G\u00fcrber Coaching<br \/>Dr. phil. <br \/>Coaching, Psychologie<br \/>Frau Nadja Abt G\u00fcrber<br \/>Gassenackerstrasse 16<br \/>8506 Lanzenneunforn<br \/>+41 79 702 79 33<\/p><p><a href=\"mailto:kontakt@abtguerber-coaching.ch\">kontakt@abtguerber-coaching.ch<\/a><br \/><a href=\"https:\/\/www.abtguerber-coaching.ch\">https:\/\/www.abtguerber-coaching.ch<\/a><\/p><p><strong>Angebot:<\/strong><br \/>Einzelberatung<\/p><p><strong>Spezielle Kenntnisse \/ Angebote:<\/strong><br \/>Systemisches, wertorientiertes Coaching f\u00fcr Erwachsene, Kinder und Jugendliche zur Pers\u00f6nlichkeitsentwicklung, Stressbew\u00e4ltigung, Resilienzf\u00f6rderung und Burnout Pr\u00e4vention<br \/><strong><br \/>Weitere Angaben:<\/strong><br \/>Dr. phil. in Psychologie, Schwerpunkt Sozial- und Gesundheitspsychologie, Psychologin FSP<\/p>\t\t\t\t\t\t\t\t<\/div>\n\t\t\t\t<\/div>\n\t\t\t\t<\/div>\n\t\t\t\t<\/div>\n\t\t\t\t<div class=\"elementor-element elementor-element-b6ba04f elementor-widget elementor-widget-heading\" data-id=\"b6ba04f\" data-element_type=\"widget\" data-e-type=\"widget\" data-widget_type=\"heading.default\">\n\t\t\t\t<div class=\"elementor-widget-container\">\n\t\t\t\t\t<h2 class=\"elementor-heading-title elementor-size-default\">Vaud<\/h2>\t\t\t\t<\/div>\n\t\t\t\t<\/div>\n\t\t<div class=\"elementor-element elementor-element-87f4bed e-con-full e-flex e-con e-child\" data-id=\"87f4bed\" data-element_type=\"container\" data-e-type=\"container\">\n\t\t<div class=\"elementor-element elementor-element-715f3cf e-con-full e-flex e-con e-child\" data-id=\"715f3cf\" data-element_type=\"container\" data-e-type=\"container\" data-settings=\"{&quot;background_background&quot;:&quot;classic&quot;}\">\n\t\t\t\t<div class=\"elementor-element elementor-element-bcd8ea9 elementor-widget__width-initial elementor-widget elementor-widget-image\" data-id=\"bcd8ea9\" data-element_type=\"widget\" data-e-type=\"widget\" data-widget_type=\"image.default\">\n\t\t\t\t<div class=\"elementor-widget-container\">\n\t\t\t\t\t\t\t\t\t\t\t\t\t\t\t<img loading=\"lazy\" decoding=\"async\" width=\"800\" height=\"800\" src=\"https:\/\/stressnostress.ch\/wp-content\/uploads\/2025\/03\/Lydie.jpg\" class=\"attachment-large size-large wp-image-2350\" alt=\"\" srcset=\"https:\/\/stressnostress.ch\/wp-content\/uploads\/2025\/03\/Lydie.jpg 1024w, https:\/\/stressnostress.ch\/wp-content\/uploads\/2025\/03\/Lydie-300x300.jpg 300w, https:\/\/stressnostress.ch\/wp-content\/uploads\/2025\/03\/Lydie-150x150.jpg 150w, https:\/\/stressnostress.ch\/wp-content\/uploads\/2025\/03\/Lydie-768x768.jpg 768w\" sizes=\"(max-width: 800px) 100vw, 800px\" \/>\t\t\t\t\t\t\t\t\t\t\t\t\t\t\t<\/div>\n\t\t\t\t<\/div>\n\t\t\t\t<\/div>\n\t\t<div class=\"elementor-element elementor-element-f430f27 e-con-full e-flex e-con e-child\" data-id=\"f430f27\" data-element_type=\"container\" data-e-type=\"container\">\n\t\t\t\t<div class=\"elementor-element elementor-element-6da6584 elementor-widget elementor-widget-text-editor\" data-id=\"6da6584\" data-element_type=\"widget\" data-e-type=\"widget\" data-widget_type=\"text-editor.default\">\n\t\t\t\t<div class=\"elementor-widget-container\">\n\t\t\t\t\t\t\t\t\t<p>Winds of Change S\u00e0rl<br \/>Master en psychologie du travail et des organisations<br \/>Psychologue du travail et des organisations FSP<\/p><p>Madame Lydie Lecoultre<br \/>R\u00e9sidence du Golf A4<br \/>1196 Gland<br \/>+41796390627<\/p><p><a href=\"mailto:lydie.lecoultre@windsofchange.ch\">lydie.lecoultre@windsofchange.ch<\/a><br \/><a href=\"https:\/\/www.windsofchange.ch\">www.windsofchange.ch<\/a><\/p><p><strong>Services:<br \/><\/strong>Psychologue du travail et des organisations FSP<\/p><p><strong>Connaissance sp\u00e9ciales \/ services propos\u00e9s:<\/strong><br \/>Consultante en sant\u00e9 et s\u00e9curit\u00e9 au travail avec 15 ans d&#8217;exp\u00e9rience. Experte en pr\u00e9vention des risques psychosociaux, gestion de crises, conflits et dynamique d\u2019\u00e9quipe. Formatrice et speaker, alliant approche syst\u00e9mique et pragmatique, centr\u00e9e sur l\u2019humain et les r\u00e9sultats.<br \/><br \/><strong>Indications suppl\u00e9mentaires:<br \/><\/strong>Accompagnement SST:stress, rps, pr\u00e9vention, gestion des crises, RPS, changements, dynamique d\u2019\u00e9quipe, analyse de climat, facilitation.<br \/><br \/><\/p>\t\t\t\t\t\t\t\t<\/div>\n\t\t\t\t<\/div>\n\t\t\t\t<\/div>\n\t\t\t\t<\/div>\n\t\t<div class=\"elementor-element elementor-element-d969e49 e-con-full e-flex e-con e-child\" data-id=\"d969e49\" data-element_type=\"container\" data-e-type=\"container\">\n\t\t<div class=\"elementor-element elementor-element-a9849ec e-con-full e-flex e-con e-child\" data-id=\"a9849ec\" data-element_type=\"container\" data-e-type=\"container\" data-settings=\"{&quot;background_background&quot;:&quot;classic&quot;}\">\n\t\t\t\t<div class=\"elementor-element elementor-element-53b5824 elementor-widget__width-initial elementor-widget elementor-widget-image\" data-id=\"53b5824\" data-element_type=\"widget\" data-e-type=\"widget\" data-widget_type=\"image.default\">\n\t\t\t\t<div class=\"elementor-widget-container\">\n\t\t\t\t\t\t\t\t\t\t\t\t\t\t\t<img loading=\"lazy\" decoding=\"async\" width=\"452\" height=\"452\" src=\"https:\/\/stressnostress.ch\/wp-content\/uploads\/2025\/03\/ksautier1.jpg\" class=\"attachment-large size-large wp-image-1592\" alt=\"\" srcset=\"https:\/\/stressnostress.ch\/wp-content\/uploads\/2025\/03\/ksautier1.jpg 452w, https:\/\/stressnostress.ch\/wp-content\/uploads\/2025\/03\/ksautier1-300x300.jpg 300w, https:\/\/stressnostress.ch\/wp-content\/uploads\/2025\/03\/ksautier1-150x150.jpg 150w\" sizes=\"(max-width: 452px) 100vw, 452px\" \/>\t\t\t\t\t\t\t\t\t\t\t\t\t\t\t<\/div>\n\t\t\t\t<\/div>\n\t\t\t\t<\/div>\n\t\t<div class=\"elementor-element elementor-element-8066fcf e-con-full e-flex e-con e-child\" data-id=\"8066fcf\" data-element_type=\"container\" data-e-type=\"container\">\n\t\t\t\t<div class=\"elementor-element elementor-element-49eacb3 elementor-widget elementor-widget-text-editor\" data-id=\"49eacb3\" data-element_type=\"widget\" data-e-type=\"widget\" data-widget_type=\"text-editor.default\">\n\t\t\t\t<div class=\"elementor-widget-container\">\n\t\t\t\t\t\t\t\t\t<p>EquilibRHe<br \/>Lic.phil. Psychologie <br \/>Psychologue sp\u00e9c. en psychologie du coaching FSP (en examen)<\/p><p>Madame Katia Sauthier<br \/>Ch. de Riant-Coin 1<br \/>1093 La Conversion \/ Lutry<br \/>+41787077402<\/p><p><a href=\"mailto:katia.sauthier@equilibrhe.ch\">katia.sauthier@equilibrhe.ch<\/a><br \/><a href=\"http:\/\/www.equilibrhe.ch\">www.equilibrhe.ch<\/a><\/p><p><strong>Services:<\/strong><br \/>Sant\u00e9 au Travail et Transitions de carri\u00e8re<\/p><p><strong>Connaissance sp\u00e9ciales \/ services propos\u00e9s:<\/strong><br \/>Pour les entreprises: Personne de confiance externe, Pr\u00e9vention des risques psycho-sociaux RPS, Coaching et Formations sur mesure: stress, burnout, carri\u00e8re, sant\u00e9 au travail. Jobstress Analysis &amp; Friendly Workspace. Outplacement, bilan de comp\u00e9tences.<\/p><p><strong>Indications suppl\u00e9mentaires:<\/strong><br \/>Pour les particuliers: accompagnement en cas de questionnements ou souffrance au travail, orientation\/transitions de carri\u00e8re, bilan de comp\u00e9tences, techniques de recherche d\u2019emploi, coaching et jobcoaching.<\/p>\t\t\t\t\t\t\t\t<\/div>\n\t\t\t\t<\/div>\n\t\t\t\t<\/div>\n\t\t\t\t<\/div>\n\t\t<div class=\"elementor-element elementor-element-ddb80ca e-con-full e-flex e-con e-child\" data-id=\"ddb80ca\" data-element_type=\"container\" data-e-type=\"container\">\n\t\t<div class=\"elementor-element elementor-element-641b384 e-con-full e-flex e-con e-child\" data-id=\"641b384\" data-element_type=\"container\" data-e-type=\"container\" data-settings=\"{&quot;background_background&quot;:&quot;classic&quot;}\">\n\t\t\t\t<div class=\"elementor-element elementor-element-ed6d7ca elementor-widget__width-initial elementor-widget elementor-widget-image\" data-id=\"ed6d7ca\" data-element_type=\"widget\" data-e-type=\"widget\" data-widget_type=\"image.default\">\n\t\t\t\t<div class=\"elementor-widget-container\">\n\t\t\t\t\t\t\t\t\t\t\t\t\t\t\t<img loading=\"lazy\" decoding=\"async\" width=\"450\" height=\"450\" src=\"https:\/\/stressnostress.ch\/wp-content\/uploads\/2025\/03\/avatar-1.webp\" class=\"attachment-large size-large wp-image-1373\" alt=\"\" srcset=\"https:\/\/stressnostress.ch\/wp-content\/uploads\/2025\/03\/avatar-1.webp 450w, https:\/\/stressnostress.ch\/wp-content\/uploads\/2025\/03\/avatar-1-300x300.webp 300w, https:\/\/stressnostress.ch\/wp-content\/uploads\/2025\/03\/avatar-1-150x150.webp 150w\" sizes=\"(max-width: 450px) 100vw, 450px\" \/>\t\t\t\t\t\t\t\t\t\t\t\t\t\t\t<\/div>\n\t\t\t\t<\/div>\n\t\t\t\t<\/div>\n\t\t<div class=\"elementor-element elementor-element-58b3c9a e-con-full e-flex e-con e-child\" data-id=\"58b3c9a\" data-element_type=\"container\" data-e-type=\"container\">\n\t\t\t\t<div class=\"elementor-element elementor-element-1aa2775 elementor-widget elementor-widget-text-editor\" data-id=\"1aa2775\" data-element_type=\"widget\" data-e-type=\"widget\" data-widget_type=\"text-editor.default\">\n\t\t\t\t<div class=\"elementor-widget-container\">\n\t\t\t\t\t\t\t\t\t<p>Psychologue FSP<br \/>Master en psychologie et psychotraumatologie<br \/>Certifi\u00e9e en psychologie d&#8217;urgence FSP<\/p><p>Madame Laurence de Vargas Oddo<br \/>Avenue de Chailly 23<br \/>1012 Lausanne<br \/>+41794145461<\/p><p><a href=\"mailto:laurence.devargasoddo@psychologie.ch\">laurence.devargasoddo@psychologie.ch<\/a><br \/><a href=\"https:\/\/SoinSante.ch\">https:\/\/SoinSante.ch<\/a><\/p><p><strong>Services:<\/strong><br \/>Soutien psychologique. Stress management.\u00a0<\/p><p><strong>Connaissance sp\u00e9ciales \/ services propos\u00e9s:<\/strong><br \/>Autour du Stress, du Stress post-traumatique, prise en charge psychocorporelle, Somatic Experiencing\u00ae et Soma Embodiment\u00ae Orientation humanisme et salutogen\u00e8se. Cure de 6 jours\u00a0 de soutien \u00e0 la sant\u00e9.<\/p><p><strong>Indications suppl\u00e9mentaires:<\/strong><br \/>Prestations de formations sur mesure, d&#8217;accompagnement individuel ou d&#8217;\u00e9quipes en supervision. Orient\u00e9e salutogen\u00e8se.<\/p>\t\t\t\t\t\t\t\t<\/div>\n\t\t\t\t<\/div>\n\t\t\t\t<\/div>\n\t\t\t\t<\/div>\n\t\t<div class=\"elementor-element elementor-element-12a2172 e-con-full e-flex e-con e-child\" data-id=\"12a2172\" data-element_type=\"container\" data-e-type=\"container\">\n\t\t<div class=\"elementor-element elementor-element-765abf0 e-con-full e-flex e-con e-child\" data-id=\"765abf0\" data-element_type=\"container\" data-e-type=\"container\" data-settings=\"{&quot;background_background&quot;:&quot;classic&quot;}\">\n\t\t\t\t<div class=\"elementor-element elementor-element-fa169b3 elementor-widget__width-initial elementor-widget elementor-widget-image\" data-id=\"fa169b3\" data-element_type=\"widget\" data-e-type=\"widget\" data-widget_type=\"image.default\">\n\t\t\t\t<div class=\"elementor-widget-container\">\n\t\t\t\t\t\t\t\t\t\t\t\t\t\t\t<img loading=\"lazy\" decoding=\"async\" width=\"718\" height=\"718\" src=\"https:\/\/stressnostress.ch\/wp-content\/uploads\/2025\/03\/awarney.webp\" class=\"attachment-large size-large wp-image-1646\" alt=\"\" srcset=\"https:\/\/stressnostress.ch\/wp-content\/uploads\/2025\/03\/awarney.webp 718w, https:\/\/stressnostress.ch\/wp-content\/uploads\/2025\/03\/awarney-300x300.webp 300w, https:\/\/stressnostress.ch\/wp-content\/uploads\/2025\/03\/awarney-150x150.webp 150w\" sizes=\"(max-width: 718px) 100vw, 718px\" \/>\t\t\t\t\t\t\t\t\t\t\t\t\t\t\t<\/div>\n\t\t\t\t<\/div>\n\t\t\t\t<\/div>\n\t\t<div class=\"elementor-element elementor-element-a7c81a5 e-con-full e-flex e-con e-child\" data-id=\"a7c81a5\" data-element_type=\"container\" data-e-type=\"container\">\n\t\t\t\t<div class=\"elementor-element elementor-element-2439fef elementor-widget elementor-widget-text-editor\" data-id=\"2439fef\" data-element_type=\"widget\" data-e-type=\"widget\" data-widget_type=\"text-editor.default\">\n\t\t\t\t<div class=\"elementor-widget-container\">\n\t\t\t\t\t\t\t\t\t<p>Quand le travail fait A\u00efe\u2026<br \/>Master <br \/>Psychologie du travail et des organisations<br \/><br \/>Madame Axelle Warnery-Hertzeisen<br \/>rue de la Plaine 38<br \/>1400 Yverdon-les-Bains<br \/>+41793941425<br \/><br \/><a href=\"mailto:axelle.warnery@fsp-hin.ch\">axelle.warnery@fsp-hin.ch<\/a><br \/><a href=\"https:\/\/www.quandletravailfaitaie.com\">https:\/\/www.quandletravailfaitaie.com<\/a><br \/><br \/><strong>Services:<\/strong><br \/>Burn out \/ Risques psychosociaux \/ souffrance au travail<br \/><br \/><strong>Connaissance sp\u00e9ciales \/ services propos\u00e9s:<\/strong><br \/>Intervention individuelle en cas de mal-\u00eatre, souffrance au travail, burn-out, conflit, harc\u00e8lement, risques psychosociaux, perte de sens, stress, d\u00e9motivation, insatisfaction, envie de changement.<\/p>\t\t\t\t\t\t\t\t<\/div>\n\t\t\t\t<\/div>\n\t\t\t\t<\/div>\n\t\t\t\t<\/div>\n\t\t<div class=\"elementor-element elementor-element-c293ad2 e-con-full e-flex e-con e-child\" data-id=\"c293ad2\" data-element_type=\"container\" data-e-type=\"container\">\n\t\t<div class=\"elementor-element elementor-element-4ed1e06 e-con-full e-flex e-con e-child\" data-id=\"4ed1e06\" data-element_type=\"container\" data-e-type=\"container\" data-settings=\"{&quot;background_background&quot;:&quot;classic&quot;}\">\n\t\t\t\t<div class=\"elementor-element elementor-element-d2274eb elementor-widget__width-initial elementor-widget elementor-widget-image\" data-id=\"d2274eb\" data-element_type=\"widget\" data-e-type=\"widget\" data-widget_type=\"image.default\">\n\t\t\t\t<div class=\"elementor-widget-container\">\n\t\t\t\t\t\t\t\t\t\t\t\t\t\t\t<img loading=\"lazy\" decoding=\"async\" width=\"353\" height=\"354\" src=\"https:\/\/stressnostress.ch\/wp-content\/uploads\/2025\/03\/ccombian.jpg\" class=\"attachment-large size-large wp-image-1602\" alt=\"\" srcset=\"https:\/\/stressnostress.ch\/wp-content\/uploads\/2025\/03\/ccombian.jpg 353w, https:\/\/stressnostress.ch\/wp-content\/uploads\/2025\/03\/ccombian-300x300.jpg 300w, https:\/\/stressnostress.ch\/wp-content\/uploads\/2025\/03\/ccombian-150x150.jpg 150w\" sizes=\"(max-width: 353px) 100vw, 353px\" \/>\t\t\t\t\t\t\t\t\t\t\t\t\t\t\t<\/div>\n\t\t\t\t<\/div>\n\t\t\t\t<\/div>\n\t\t<div class=\"elementor-element elementor-element-bcd93e4 e-con-full e-flex e-con e-child\" data-id=\"bcd93e4\" data-element_type=\"container\" data-e-type=\"container\">\n\t\t\t\t<div class=\"elementor-element elementor-element-467bd05 elementor-widget elementor-widget-text-editor\" data-id=\"467bd05\" data-element_type=\"widget\" data-e-type=\"widget\" data-widget_type=\"text-editor.default\">\n\t\t\t\t<div class=\"elementor-widget-container\">\n\t\t\t\t\t\t\t\t\t<p>Bien \u00eatre au travail<br \/>Dr en psychologie <br \/>Psychologue sp\u00e9cialiste en psychoth\u00e9rapie<br \/><br \/>Madame Christine Comblain<br \/>chemin du jura 16<br \/>1290 Chavannes des Bois<br \/>+41 78 672.70.82<br \/><br \/><a href=\"mailto:info@bienetreautravail.ch\">info@bienetreautravail.ch<\/a><br \/><a href=\"http:\/\/www.bienetreautravail.ch\">www.bienetreautravail.ch<\/a><\/p>\t\t\t\t\t\t\t\t<\/div>\n\t\t\t\t<\/div>\n\t\t\t\t<\/div>\n\t\t\t\t<\/div>\n\t\t\t\t<div class=\"elementor-element elementor-element-1efd3bb elementor-widget elementor-widget-heading\" data-id=\"1efd3bb\" data-element_type=\"widget\" data-e-type=\"widget\" data-widget_type=\"heading.default\">\n\t\t\t\t<div class=\"elementor-widget-container\">\n\t\t\t\t\t<h2 class=\"elementor-heading-title elementor-size-default\">Valais<\/h2>\t\t\t\t<\/div>\n\t\t\t\t<\/div>\n\t\t<div class=\"elementor-element elementor-element-c1489d3 e-con-full e-flex e-con e-child\" data-id=\"c1489d3\" data-element_type=\"container\" data-e-type=\"container\">\n\t\t<div class=\"elementor-element elementor-element-97c340f e-con-full e-flex e-con e-child\" data-id=\"97c340f\" data-element_type=\"container\" data-e-type=\"container\" data-settings=\"{&quot;background_background&quot;:&quot;classic&quot;}\">\n\t\t\t\t<div class=\"elementor-element elementor-element-821d55a elementor-widget__width-initial elementor-widget elementor-widget-image\" data-id=\"821d55a\" data-element_type=\"widget\" data-e-type=\"widget\" data-widget_type=\"image.default\">\n\t\t\t\t<div class=\"elementor-widget-container\">\n\t\t\t\t\t\t\t\t\t\t\t\t\t\t\t<img loading=\"lazy\" decoding=\"async\" width=\"692\" height=\"746\" src=\"https:\/\/stressnostress.ch\/wp-content\/uploads\/2025\/03\/salberti.webp\" class=\"attachment-large size-large wp-image-1609\" alt=\"\" srcset=\"https:\/\/stressnostress.ch\/wp-content\/uploads\/2025\/03\/salberti.webp 692w, https:\/\/stressnostress.ch\/wp-content\/uploads\/2025\/03\/salberti-278x300.webp 278w\" sizes=\"(max-width: 692px) 100vw, 692px\" \/>\t\t\t\t\t\t\t\t\t\t\t\t\t\t\t<\/div>\n\t\t\t\t<\/div>\n\t\t\t\t<\/div>\n\t\t<div class=\"elementor-element elementor-element-79affad e-con-full e-flex e-con e-child\" data-id=\"79affad\" data-element_type=\"container\" data-e-type=\"container\">\n\t\t\t\t<div class=\"elementor-element elementor-element-f67d461 elementor-widget elementor-widget-text-editor\" data-id=\"f67d461\" data-element_type=\"widget\" data-e-type=\"widget\" data-widget_type=\"text-editor.default\">\n\t\t\t\t<div class=\"elementor-widget-container\">\n\t\t\t\t\t\t\t\t\t<p>Atelier Psychocorporel<br \/>Lic. Phil.<br \/>Psychologue certifi\u00e9e en psychologie d&#8217;urgence<\/p><p>Madame Sabrina Alberti<br \/>Rue de la Cotsette 2<br \/>1950 Sion<br \/>+41273231480<\/p><p><a href=\"mailto:sabrina@psychocorporel.net\">sabrina@psychocorporel.net<\/a><br \/><a href=\"https:\/\/SoinSante.ch\">https:\/\/SoinSante.ch<\/a><\/p><p><strong>Services:<\/strong><br \/>Soutien psychologique. Stress management.<\/p><p><strong>Connaissance sp\u00e9ciales \/ services propos\u00e9s:<\/strong><br \/>Autour du trauma, du deuil, pr\u00e9paration d&#8217;examen, post diagnostic difficile, pr\u00e9vention du burn out. Stress, Stress post-traumatique, prise en charge psychocorporelle. MBCT, Pleine Conscience. Cure de 6 jours de soutien \u00e0 la sant\u00e9.<br \/><br \/><strong>Indications suppl\u00e9mentaires:<\/strong><br \/>Prestations de formations sur mesure, d&#8217;accompagnement individuel ou d&#8217;\u00e9quipes en supervision. Orient\u00e9e salutogen\u00e8se.<\/p>\t\t\t\t\t\t\t\t<\/div>\n\t\t\t\t<\/div>\n\t\t\t\t<\/div>\n\t\t\t\t<\/div>\n\t\t<div class=\"elementor-element elementor-element-d4895ca e-con-full e-flex e-con e-child\" data-id=\"d4895ca\" data-element_type=\"container\" data-e-type=\"container\">\n\t\t<div class=\"elementor-element elementor-element-70f5b27 e-con-full e-flex e-con e-child\" data-id=\"70f5b27\" data-element_type=\"container\" data-e-type=\"container\" data-settings=\"{&quot;background_background&quot;:&quot;classic&quot;}\">\n\t\t\t\t<div class=\"elementor-element elementor-element-98138a7 elementor-widget__width-initial elementor-widget elementor-widget-image\" data-id=\"98138a7\" data-element_type=\"widget\" data-e-type=\"widget\" data-widget_type=\"image.default\">\n\t\t\t\t<div class=\"elementor-widget-container\">\n\t\t\t\t\t\t\t\t\t\t\t\t\t\t\t<img loading=\"lazy\" decoding=\"async\" width=\"800\" height=\"800\" src=\"https:\/\/stressnostress.ch\/wp-content\/uploads\/2025\/03\/cmathey.jpg\" class=\"attachment-large size-large wp-image-1613\" alt=\"\" srcset=\"https:\/\/stressnostress.ch\/wp-content\/uploads\/2025\/03\/cmathey.jpg 971w, https:\/\/stressnostress.ch\/wp-content\/uploads\/2025\/03\/cmathey-300x300.jpg 300w, https:\/\/stressnostress.ch\/wp-content\/uploads\/2025\/03\/cmathey-150x150.jpg 150w, https:\/\/stressnostress.ch\/wp-content\/uploads\/2025\/03\/cmathey-768x768.jpg 768w\" sizes=\"(max-width: 800px) 100vw, 800px\" \/>\t\t\t\t\t\t\t\t\t\t\t\t\t\t\t<\/div>\n\t\t\t\t<\/div>\n\t\t\t\t<\/div>\n\t\t<div class=\"elementor-element elementor-element-30f351b e-con-full e-flex e-con e-child\" data-id=\"30f351b\" data-element_type=\"container\" data-e-type=\"container\">\n\t\t\t\t<div class=\"elementor-element elementor-element-4fb863c elementor-widget elementor-widget-text-editor\" data-id=\"4fb863c\" data-element_type=\"widget\" data-e-type=\"widget\" data-widget_type=\"text-editor.default\">\n\t\t\t\t<div class=\"elementor-widget-container\">\n\t\t\t\t\t\t\t\t\t<p>Expertise RH<br \/>Lic. Psychologie du travail et des organisations<\/p><p>Madame Cathrine Mathey<br \/>Avenue de Tourbillon 62<br \/>1950 Sion<br \/>+41 79 774 45 98<br \/><br \/><a href=\"mailto:info@expertise-rh.ch\">info@expertise-rh.ch<\/a><br \/><a href=\"https:\/\/expertise-rh.ch\/\">https:\/\/expertise-rh.ch\/<\/a><br \/><br \/><strong>Services:<\/strong><br \/>Conseils pour un climat de travail bienveillant et productif<br \/><br \/><strong>Connaissance sp\u00e9ciales \/ services propos\u00e9s:<\/strong><br \/>Sant\u00e9 au travail, contraintes et ressources en mati\u00e8re de stress au travail, atteintes \u00e0 l&#8217;int\u00e9grit\u00e9 personnelle sur le lieu de travail, telles que mobbing, harc\u00e8lement sexuel au travail, discrimination.<br \/><br \/><strong>Indications suppl\u00e9mentaires:<\/strong><br \/>Mise en place de projet de sant\u00e9 au travail, incluant le diagnostic et le d\u00e9veloppement. Coaching individuel ou de groupe.<\/p>\t\t\t\t\t\t\t\t<\/div>\n\t\t\t\t<\/div>\n\t\t\t\t<\/div>\n\t\t\t\t<\/div>\n\t\t<div class=\"elementor-element elementor-element-0dfd8fc e-con-full e-flex e-con e-child\" data-id=\"0dfd8fc\" data-element_type=\"container\" data-e-type=\"container\">\n\t\t<div class=\"elementor-element elementor-element-6f2611a e-con-full e-flex e-con e-child\" data-id=\"6f2611a\" data-element_type=\"container\" data-e-type=\"container\" data-settings=\"{&quot;background_background&quot;:&quot;classic&quot;}\">\n\t\t\t\t<div class=\"elementor-element elementor-element-eb823f1 elementor-widget__width-initial elementor-widget elementor-widget-image\" data-id=\"eb823f1\" data-element_type=\"widget\" data-e-type=\"widget\" data-widget_type=\"image.default\">\n\t\t\t\t<div class=\"elementor-widget-container\">\n\t\t\t\t\t\t\t\t\t\t\t\t\t\t\t<img loading=\"lazy\" decoding=\"async\" width=\"360\" height=\"347\" src=\"https:\/\/stressnostress.ch\/wp-content\/uploads\/2025\/03\/ifellay.jpg\" class=\"attachment-large size-large wp-image-1638\" alt=\"\" srcset=\"https:\/\/stressnostress.ch\/wp-content\/uploads\/2025\/03\/ifellay.jpg 360w, https:\/\/stressnostress.ch\/wp-content\/uploads\/2025\/03\/ifellay-300x289.jpg 300w\" sizes=\"(max-width: 360px) 100vw, 360px\" \/>\t\t\t\t\t\t\t\t\t\t\t\t\t\t\t<\/div>\n\t\t\t\t<\/div>\n\t\t\t\t<\/div>\n\t\t<div class=\"elementor-element elementor-element-e2e51ec e-con-full e-flex e-con e-child\" data-id=\"e2e51ec\" data-element_type=\"container\" data-e-type=\"container\">\n\t\t\t\t<div class=\"elementor-element elementor-element-e02fb1d elementor-widget elementor-widget-text-editor\" data-id=\"e02fb1d\" data-element_type=\"widget\" data-e-type=\"widget\" data-widget_type=\"text-editor.default\">\n\t\t\t\t<div class=\"elementor-widget-container\">\n\t\t\t\t\t\t\t\t\t<p>Inequilibra<br \/>MSc, Dipl\u00f4m\u00e9e en psychologie,sp\u00e9cialiste en psychoth\u00e9rapie<br \/>Psychologue sp\u00e9cialiste en psychoth\u00e9rapie FSP<br \/><br \/>Madame Ioana Fellay<br \/>Avenue de la Gare 45<br \/>1920 Martigny<br \/>+41 79 652 78 25<br \/><br \/><a href=\"mailto:iofellay@inequilibra.ch\">iofellay@inequilibra.ch<\/a><br \/><a href=\"http:\/\/www.inequilibra.ch\">www.inequilibra.ch<\/a><br \/><br \/><strong>Services:<\/strong><br \/>psychoth\u00e9rapie, conseil, gestion du stress<br \/><br \/><strong>Connaissance sp\u00e9ciales \/ services propos\u00e9s:<\/strong><br \/>neuro-nutrition<br \/><br \/><strong>Indications suppl\u00e9mentaires:<\/strong><br \/>supervision, coordinatrice de stage<\/p>\t\t\t\t\t\t\t\t<\/div>\n\t\t\t\t<\/div>\n\t\t\t\t<\/div>\n\t\t\t\t<\/div>\n\t\t\t\t<div class=\"elementor-element elementor-element-4e1198b elementor-widget elementor-widget-heading\" data-id=\"4e1198b\" data-element_type=\"widget\" data-e-type=\"widget\" data-widget_type=\"heading.default\">\n\t\t\t\t<div class=\"elementor-widget-container\">\n\t\t\t\t\t<h2 class=\"elementor-heading-title elementor-size-default\">Zurich<\/h2>\t\t\t\t<\/div>\n\t\t\t\t<\/div>\n\t\t<div class=\"elementor-element elementor-element-16cf335 e-con-full e-flex e-con e-child\" data-id=\"16cf335\" data-element_type=\"container\" data-e-type=\"container\">\n\t\t<div class=\"elementor-element elementor-element-7f7858c e-con-full e-flex e-con e-child\" data-id=\"7f7858c\" data-element_type=\"container\" data-e-type=\"container\" data-settings=\"{&quot;background_background&quot;:&quot;classic&quot;}\">\n\t\t\t\t<div class=\"elementor-element elementor-element-cc0d234 elementor-widget__width-initial elementor-widget elementor-widget-image\" data-id=\"cc0d234\" data-element_type=\"widget\" data-e-type=\"widget\" data-widget_type=\"image.default\">\n\t\t\t\t<div class=\"elementor-widget-container\">\n\t\t\t\t\t\t\t\t\t\t\t\t\t\t\t<img loading=\"lazy\" decoding=\"async\" width=\"800\" height=\"800\" src=\"https:\/\/stressnostress.ch\/wp-content\/uploads\/2025\/11\/cb.jpg\" class=\"attachment-large size-large wp-image-2420\" alt=\"\" srcset=\"https:\/\/stressnostress.ch\/wp-content\/uploads\/2025\/11\/cb.jpg 904w, https:\/\/stressnostress.ch\/wp-content\/uploads\/2025\/11\/cb-300x300.jpg 300w, https:\/\/stressnostress.ch\/wp-content\/uploads\/2025\/11\/cb-150x150.jpg 150w, https:\/\/stressnostress.ch\/wp-content\/uploads\/2025\/11\/cb-768x768.jpg 768w\" sizes=\"(max-width: 800px) 100vw, 800px\" \/>\t\t\t\t\t\t\t\t\t\t\t\t\t\t\t<\/div>\n\t\t\t\t<\/div>\n\t\t\t\t<\/div>\n\t\t<div class=\"elementor-element elementor-element-ffce929 e-con-full e-flex e-con e-child\" data-id=\"ffce929\" data-element_type=\"container\" data-e-type=\"container\">\n\t\t\t\t<div class=\"elementor-element elementor-element-dc85b5d elementor-widget elementor-widget-text-editor\" data-id=\"dc85b5d\" data-element_type=\"widget\" data-e-type=\"widget\" data-widget_type=\"text-editor.default\">\n\t\t\t\t<div class=\"elementor-widget-container\">\n\t\t\t\t\t\t\t\t\t<p>Conaptis GmbH<br \/>MSc UniZH<br \/>Arbeitspsychologie<\/p><p>Frau Corinne Baumgartner<br \/>Weinbergstrasse 22<br \/>8001 Z\u00fcrich<br \/>+41442521030<\/p><p><a href=\"mailto:corinne.baumgartner@conaptis.ch\">corinne.baumgartner@conaptis.ch<\/a><br \/><a href=\"https:\/\/conaptis.ch\">https:\/\/conaptis.ch\/<\/a><\/p><p><strong>ANGEBOT:<\/strong><br \/>BGM, Organisationsberatung, Coaching<\/p><p><strong>Spezielle Kenntnisse \/ Angebote:<\/strong><br \/>Expertin f\u00fcr Betriebliches Gesundheitsmanagement (BGM) und Label Friendly Work Space, spezialisiert auf Fragen rund um gesunde Organisationen, Arbeitsgestaltung, Organisationsprozesse, Arbeitsbedingungen, motivierte und leistungsf\u00e4hige Mitarbeitende<\/p><p><strong>Weitere Angaben:<\/strong><br \/>Mitgr\u00fcnderin und Gesch\u00e4ftsf\u00fchrende Partnerin der Conaptis GmbH<\/p>\t\t\t\t\t\t\t\t<\/div>\n\t\t\t\t<\/div>\n\t\t\t\t<\/div>\n\t\t\t\t<\/div>\n\t\t<div class=\"elementor-element elementor-element-ca085a7 e-con-full e-flex e-con e-child\" data-id=\"ca085a7\" data-element_type=\"container\" data-e-type=\"container\">\n\t\t<div class=\"elementor-element elementor-element-ca67395 e-con-full e-flex e-con e-child\" data-id=\"ca67395\" data-element_type=\"container\" data-e-type=\"container\" data-settings=\"{&quot;background_background&quot;:&quot;classic&quot;}\">\n\t\t\t\t<div class=\"elementor-element elementor-element-2d86785 elementor-widget__width-initial elementor-widget elementor-widget-image\" data-id=\"2d86785\" data-element_type=\"widget\" data-e-type=\"widget\" data-widget_type=\"image.default\">\n\t\t\t\t<div class=\"elementor-widget-container\">\n\t\t\t\t\t\t\t\t\t\t\t\t\t\t\t<img loading=\"lazy\" decoding=\"async\" width=\"260\" height=\"260\" src=\"https:\/\/stressnostress.ch\/wp-content\/uploads\/2025\/03\/NBurger.jpg\" class=\"attachment-large size-large wp-image-1337\" alt=\"\" srcset=\"https:\/\/stressnostress.ch\/wp-content\/uploads\/2025\/03\/NBurger.jpg 260w, https:\/\/stressnostress.ch\/wp-content\/uploads\/2025\/03\/NBurger-150x150.jpg 150w\" sizes=\"(max-width: 260px) 100vw, 260px\" \/>\t\t\t\t\t\t\t\t\t\t\t\t\t\t\t<\/div>\n\t\t\t\t<\/div>\n\t\t\t\t<\/div>\n\t\t<div class=\"elementor-element elementor-element-38131db e-con-full e-flex e-con e-child\" data-id=\"38131db\" data-element_type=\"container\" data-e-type=\"container\">\n\t\t\t\t<div class=\"elementor-element elementor-element-57bf308 elementor-widget elementor-widget-text-editor\" data-id=\"57bf308\" data-element_type=\"widget\" data-e-type=\"widget\" data-widget_type=\"text-editor.default\">\n\t\t\t\t<div class=\"elementor-widget-container\">\n\t\t\t\t\t\t\t\t\t<p>Conaptis GmbH<br \/>MSc UNIFR<br \/>Arbeits- und Organisatonspsychologe<\/p><p>Herr Nicolas Burger<br \/>Weinbergstrasse 22<br \/>8001 Z\u00fcrich<br \/>+41442521030<\/p><p><a href=\"mailto:nicolas.burger@conaptis.ch\">nicolas.burger@conaptis.ch<\/a><br \/><a href=\"https:\/\/conaptis.ch\/\">https:\/\/conaptis.ch\/<\/a><\/p><p><strong>ANGEBOT:<\/strong><br \/>BGM, Personalentwicklung, Organisationsberatung, OE<\/p><p><strong>Spezielle Kenntnisse \/ Angebote:<\/strong><br \/>Assessor Friendly Work Space, Experte f\u00fcr Betriebliches Gesundheitsmanagement (BGM), spezialisiert auf Fragen rund um gesunde Organisationen, Arbeitsgestaltung, Organisationsprozesse, Arbeitsbedingungen, motivierte und leistungsf\u00e4hige Mitarbeitende)<\/p><p><strong>Weitere Angaben:<\/strong><br \/>Analysen &amp; Befragungen \/ BGM-Systematisierung \/ Label \u00abFriendly Work Space\u00bb \/ Absenzenmanagement \/ Kennzahlenanalysen<\/p>\t\t\t\t\t\t\t\t<\/div>\n\t\t\t\t<\/div>\n\t\t\t\t<\/div>\n\t\t\t\t<\/div>\n\t\t<div class=\"elementor-element elementor-element-93c381e e-con-full e-flex e-con e-child\" data-id=\"93c381e\" data-element_type=\"container\" data-e-type=\"container\">\n\t\t<div class=\"elementor-element elementor-element-c05b38e e-con-full e-flex e-con e-child\" data-id=\"c05b38e\" data-element_type=\"container\" data-e-type=\"container\" data-settings=\"{&quot;background_background&quot;:&quot;classic&quot;}\">\n\t\t\t\t<div class=\"elementor-element elementor-element-87f5c3a elementor-widget__width-initial elementor-widget elementor-widget-image\" data-id=\"87f5c3a\" data-element_type=\"widget\" data-e-type=\"widget\" data-widget_type=\"image.default\">\n\t\t\t\t<div class=\"elementor-widget-container\">\n\t\t\t\t\t\t\t\t\t\t\t\t\t\t\t<img loading=\"lazy\" decoding=\"async\" width=\"278\" height=\"278\" src=\"https:\/\/stressnostress.ch\/wp-content\/uploads\/2025\/03\/kausschiller.jpg\" class=\"attachment-large size-large wp-image-1395\" alt=\"\" srcset=\"https:\/\/stressnostress.ch\/wp-content\/uploads\/2025\/03\/kausschiller.jpg 278w, https:\/\/stressnostress.ch\/wp-content\/uploads\/2025\/03\/kausschiller-150x150.jpg 150w\" sizes=\"(max-width: 278px) 100vw, 278px\" \/>\t\t\t\t\t\t\t\t\t\t\t\t\t\t\t<\/div>\n\t\t\t\t<\/div>\n\t\t\t\t<\/div>\n\t\t<div class=\"elementor-element elementor-element-28732ed e-con-full e-flex e-con e-child\" data-id=\"28732ed\" data-element_type=\"container\" data-e-type=\"container\">\n\t\t\t\t<div class=\"elementor-element elementor-element-40add5d elementor-widget elementor-widget-text-editor\" data-id=\"40add5d\" data-element_type=\"widget\" data-e-type=\"widget\" data-widget_type=\"text-editor.default\">\n\t\t\t\t<div class=\"elementor-widget-container\">\n\t\t\t\t\t\t\t\t\t<p>Psychologisch-Psychotherapeutische Praxis<br \/>lic. phil.<br \/>Fachpsychologe f\u00fcr klinische Psychologie; Eidg. Anerkannter Psychotherapeut<\/p><p>Herr Klaus Schiller-Stutz<br \/>Aentlerweg 8<br \/>8932 Mettmenstetten<br \/>+41796859345<\/p><p><a href=\"mailto:peaxis@schiller-stutz.ch\">peaxis@schiller-stutz.ch<\/a><br \/><a href=\"http:\/\/www.schiller-stutz.ch\">www.schiller-stutz.ch<\/a>; <a href=\"http:\/\/www.stop-mobbing.ch\">www.stop-mobbing.ch<\/a><\/p><p><strong>Angebot:<\/strong><br \/>Einzel-\/Paar-\/Familien- und Firmenberatung; Vortr\u00e4ge\/WB<\/p><p><strong>Spezielle Kenntnisse \/ Angebote:<\/strong><br \/>Stressabbau im privaten und Arbeitsbereich; F\u00f6rderung der Lebensqualit\u00e4t mit pers\u00f6nlicher \/ betrieblicher Gesundheits-f\u00f6rderung; Entspannungstechniken wie AT; Beratung zum Traumjob finden; , regressive Muskelrelaxation; ; Stop (Cyber-)Mobbing; Vortr\u00e4ge und WB<\/p><p><strong>Weitere Angaben<br \/><\/strong>Referate; Vortr\u00e4ge, Weiterbildungen<\/p>\t\t\t\t\t\t\t\t<\/div>\n\t\t\t\t<\/div>\n\t\t\t\t<\/div>\n\t\t\t\t<\/div>\n\t\t<div class=\"elementor-element elementor-element-f24cda1 e-con-full e-flex e-con e-child\" data-id=\"f24cda1\" data-element_type=\"container\" data-e-type=\"container\">\n\t\t<div class=\"elementor-element elementor-element-05e1638 e-con-full e-flex e-con e-child\" data-id=\"05e1638\" data-element_type=\"container\" data-e-type=\"container\" data-settings=\"{&quot;background_background&quot;:&quot;classic&quot;}\">\n\t\t\t\t<div class=\"elementor-element elementor-element-eca3fc3 elementor-widget__width-initial elementor-widget elementor-widget-image\" data-id=\"eca3fc3\" data-element_type=\"widget\" data-e-type=\"widget\" data-widget_type=\"image.default\">\n\t\t\t\t<div class=\"elementor-widget-container\">\n\t\t\t\t\t\t\t\t\t\t\t\t\t\t\t<img loading=\"lazy\" decoding=\"async\" width=\"450\" height=\"450\" src=\"https:\/\/stressnostress.ch\/wp-content\/uploads\/2025\/03\/avatar-1.webp\" class=\"attachment-large size-large wp-image-1373\" alt=\"\" srcset=\"https:\/\/stressnostress.ch\/wp-content\/uploads\/2025\/03\/avatar-1.webp 450w, https:\/\/stressnostress.ch\/wp-content\/uploads\/2025\/03\/avatar-1-300x300.webp 300w, https:\/\/stressnostress.ch\/wp-content\/uploads\/2025\/03\/avatar-1-150x150.webp 150w\" sizes=\"(max-width: 450px) 100vw, 450px\" \/>\t\t\t\t\t\t\t\t\t\t\t\t\t\t\t<\/div>\n\t\t\t\t<\/div>\n\t\t\t\t<\/div>\n\t\t<div class=\"elementor-element elementor-element-180e9be e-con-full e-flex e-con e-child\" data-id=\"180e9be\" data-element_type=\"container\" data-e-type=\"container\">\n\t\t\t\t<div class=\"elementor-element elementor-element-520ee14 elementor-widget elementor-widget-text-editor\" data-id=\"520ee14\" data-element_type=\"widget\" data-e-type=\"widget\" data-widget_type=\"text-editor.default\">\n\t\t\t\t<div class=\"elementor-widget-container\">\n\t\t\t\t\t\t\t\t\t<p>Praxis f\u00fcr Psychotherapie<br \/>Dr. Fachpsychologin f\u00fcr Psychotherapie FSP<br \/><br \/>Frau Nora Kaiser<br \/>Bellerivestrasse 28<br \/>8008 Z\u00fcrich<br \/><br \/><a href=\"mailto:nkaiser@bluewin.ch\">nkaiser@bluewin.ch<\/a><br \/><a href=\"http:\/\/www.norakaiser.ch\">www.norakaiser.ch<\/a><br \/><br \/><strong>Angebot:<\/strong><br \/>kognitive Verhaltenstherapie<br \/><br \/><strong>Spezielle Kenntnisse \u00a0\/ Angebote<\/strong> <br \/>Angstst\u00f6rungen, Hundephobie, Depressionen, Umgang mit Stress, Standortbestimmung, Essst\u00f6rungen, Selbstunsicherheit, Aufbau von eigenen Ressourcen<br \/><br \/><strong>Weitere Angaben:<\/strong><br \/>Therapiekosten: Grundversicherung, Zusatzversicherung, Selbstzahler<\/p>\t\t\t\t\t\t\t\t<\/div>\n\t\t\t\t<\/div>\n\t\t\t\t<\/div>\n\t\t\t\t<\/div>\n\t\t<div class=\"elementor-element elementor-element-de5144a e-con-full e-flex e-con e-child\" data-id=\"de5144a\" data-element_type=\"container\" data-e-type=\"container\">\n\t\t<div class=\"elementor-element elementor-element-10b771a e-con-full e-flex e-con e-child\" data-id=\"10b771a\" data-element_type=\"container\" data-e-type=\"container\" data-settings=\"{&quot;background_background&quot;:&quot;classic&quot;}\">\n\t\t\t\t<div class=\"elementor-element elementor-element-0484bb9 elementor-widget__width-initial elementor-widget elementor-widget-image\" data-id=\"0484bb9\" data-element_type=\"widget\" data-e-type=\"widget\" data-widget_type=\"image.default\">\n\t\t\t\t<div class=\"elementor-widget-container\">\n\t\t\t\t\t\t\t\t\t\t\t\t\t\t\t<img loading=\"lazy\" decoding=\"async\" width=\"649\" height=\"673\" src=\"https:\/\/stressnostress.ch\/wp-content\/uploads\/2025\/03\/awerlin.png\" class=\"attachment-large size-large wp-image-1523\" alt=\"\" srcset=\"https:\/\/stressnostress.ch\/wp-content\/uploads\/2025\/03\/awerlin.png 649w, https:\/\/stressnostress.ch\/wp-content\/uploads\/2025\/03\/awerlin-289x300.png 289w\" sizes=\"(max-width: 649px) 100vw, 649px\" \/>\t\t\t\t\t\t\t\t\t\t\t\t\t\t\t<\/div>\n\t\t\t\t<\/div>\n\t\t\t\t<\/div>\n\t\t<div class=\"elementor-element elementor-element-a707416 e-con-full e-flex e-con e-child\" data-id=\"a707416\" data-element_type=\"container\" data-e-type=\"container\">\n\t\t\t\t<div class=\"elementor-element elementor-element-39db6d3 elementor-widget elementor-widget-text-editor\" data-id=\"39db6d3\" data-element_type=\"widget\" data-e-type=\"widget\" data-widget_type=\"text-editor.default\">\n\t\t\t\t<div class=\"elementor-widget-container\">\n\t\t\t\t\t\t\t\t\t<p>Coaching Werlin<br \/>Psychologin MSc<br \/>ICF ACC; Stressmanagement; Paartherapie<\/p><p>Frau Andrea Werlin<br \/>Untertor 8<br \/>8400 Winterthur<br \/>+41 78 844 61 41<\/p><p><a href=\"mailto:andrea_werlin@hotmail.com\">andrea_werlin@hotmail.com<\/a><br \/><a href=\"http:\/\/www.coaching-werlin.ch\">www.coaching-werlin.ch<\/a><\/p><p><strong>Angebot:<\/strong><br \/>Psychologische Beratung und Coaching<\/p><p><strong>Spezielle Kenntnisse \u00a0\/ Angebote:<\/strong><br \/>Paartherapie, l\u00f6sungsorientiertes Kurzzeitcoaching, Stressmanagement, F\u00fchrungscoaching<\/p><p><strong>Weitere Angaben:<\/strong><br \/>Deutsch und Englisch; in der Praxis und online<\/p>\t\t\t\t\t\t\t\t<\/div>\n\t\t\t\t<\/div>\n\t\t\t\t<\/div>\n\t\t\t\t<\/div>\n\t\t<div class=\"elementor-element elementor-element-d2522f8 e-con-full e-flex e-con e-child\" data-id=\"d2522f8\" data-element_type=\"container\" data-e-type=\"container\">\n\t\t<div class=\"elementor-element elementor-element-cad96f1 e-con-full e-flex e-con e-child\" data-id=\"cad96f1\" data-element_type=\"container\" data-e-type=\"container\" data-settings=\"{&quot;background_background&quot;:&quot;classic&quot;}\">\n\t\t\t\t<div class=\"elementor-element elementor-element-1061641 elementor-widget__width-initial elementor-widget elementor-widget-image\" data-id=\"1061641\" data-element_type=\"widget\" data-e-type=\"widget\" data-widget_type=\"image.default\">\n\t\t\t\t<div class=\"elementor-widget-container\">\n\t\t\t\t\t\t\t\t\t\t\t\t\t\t\t<img loading=\"lazy\" decoding=\"async\" width=\"450\" height=\"450\" src=\"https:\/\/stressnostress.ch\/wp-content\/uploads\/2025\/03\/avatar-1.webp\" class=\"attachment-large size-large wp-image-1373\" alt=\"\" srcset=\"https:\/\/stressnostress.ch\/wp-content\/uploads\/2025\/03\/avatar-1.webp 450w, https:\/\/stressnostress.ch\/wp-content\/uploads\/2025\/03\/avatar-1-300x300.webp 300w, https:\/\/stressnostress.ch\/wp-content\/uploads\/2025\/03\/avatar-1-150x150.webp 150w\" sizes=\"(max-width: 450px) 100vw, 450px\" \/>\t\t\t\t\t\t\t\t\t\t\t\t\t\t\t<\/div>\n\t\t\t\t<\/div>\n\t\t\t\t<\/div>\n\t\t<div class=\"elementor-element elementor-element-30f5d1d e-con-full e-flex e-con e-child\" data-id=\"30f5d1d\" data-element_type=\"container\" data-e-type=\"container\">\n\t\t\t\t<div class=\"elementor-element elementor-element-2623200 elementor-widget elementor-widget-text-editor\" data-id=\"2623200\" data-element_type=\"widget\" data-e-type=\"widget\" data-widget_type=\"text-editor.default\">\n\t\t\t\t<div class=\"elementor-widget-container\">\n\t\t\t\t\t\t\t\t\t<p>Praxis f\u00fcr Psychotherapie<br \/>Dr. Phil. I<br \/>eidg. anerkannte Psychotherapeutin<br \/><br \/>Frau Brigitta Durst Rohrer<br \/>Predigerplatz 38<br \/>8001 Z\u00fcrich<br \/>+41 79 626 09 29<br \/><br \/><a href=\"mailto:brigitta.durst@bluewin.ch\">brigitta.durst@bluewin.ch<\/a><br \/><a href=\"http:\/\/www.durst-suchttherapie.ch\">www.durst-suchttherapie.ch\u00a0<\/a><\/p>\t\t\t\t\t\t\t\t<\/div>\n\t\t\t\t<\/div>\n\t\t\t\t<\/div>\n\t\t\t\t<\/div>\n\t\t<div class=\"elementor-element elementor-element-7f001ab e-con-full e-flex e-con e-child\" data-id=\"7f001ab\" data-element_type=\"container\" data-e-type=\"container\">\n\t\t<div class=\"elementor-element elementor-element-72e3230 e-con-full e-flex e-con e-child\" data-id=\"72e3230\" data-element_type=\"container\" data-e-type=\"container\" data-settings=\"{&quot;background_background&quot;:&quot;classic&quot;}\">\n\t\t\t\t<div class=\"elementor-element elementor-element-297c104 elementor-widget__width-initial elementor-widget elementor-widget-image\" data-id=\"297c104\" data-element_type=\"widget\" data-e-type=\"widget\" data-widget_type=\"image.default\">\n\t\t\t\t<div class=\"elementor-widget-container\">\n\t\t\t\t\t\t\t\t\t\t\t\t\t\t\t<img loading=\"lazy\" decoding=\"async\" width=\"660\" height=\"660\" src=\"https:\/\/stressnostress.ch\/wp-content\/uploads\/2025\/03\/agamma.webp\" class=\"attachment-large size-large wp-image-1533\" alt=\"\" srcset=\"https:\/\/stressnostress.ch\/wp-content\/uploads\/2025\/03\/agamma.webp 660w, https:\/\/stressnostress.ch\/wp-content\/uploads\/2025\/03\/agamma-300x300.webp 300w, https:\/\/stressnostress.ch\/wp-content\/uploads\/2025\/03\/agamma-150x150.webp 150w\" sizes=\"(max-width: 660px) 100vw, 660px\" \/>\t\t\t\t\t\t\t\t\t\t\t\t\t\t\t<\/div>\n\t\t\t\t<\/div>\n\t\t\t\t<\/div>\n\t\t<div class=\"elementor-element elementor-element-1b35ae8 e-con-full e-flex e-con e-child\" data-id=\"1b35ae8\" data-element_type=\"container\" data-e-type=\"container\">\n\t\t\t\t<div class=\"elementor-element elementor-element-eec737b elementor-widget elementor-widget-text-editor\" data-id=\"eec737b\" data-element_type=\"widget\" data-e-type=\"widget\" data-widget_type=\"text-editor.default\">\n\t\t\t\t<div class=\"elementor-widget-container\">\n\t\t\t\t\t\t\t\t\t<p>Psychotherapie Gammaa<br \/>lic. phil.<br \/>Fachpsychologin f\u00fcr Psychotherapie FSP<\/p><p>Frau Anja Gamma<br \/>Freiestrasse 13<br \/>8610 Uster<br \/>+41 77 469 01 41<\/p><p><a href=\"mailto:a.gamma@hin.ch\">a.gamma@hin.ch<\/a><br \/><a href=\"https:\/\/www.psychotherapie-gamma.ch\">https:\/\/www.psychotherapie-gamma.ch<\/a><\/p><p><strong>Angebot:<\/strong><br \/>KVT, Notfallpsychologie<\/p>\t\t\t\t\t\t\t\t<\/div>\n\t\t\t\t<\/div>\n\t\t\t\t<\/div>\n\t\t\t\t<\/div>\n\t\t<div class=\"elementor-element elementor-element-18fb699 e-con-full e-flex e-con e-child\" data-id=\"18fb699\" data-element_type=\"container\" data-e-type=\"container\">\n\t\t<div class=\"elementor-element elementor-element-9e5dfd1 e-con-full e-flex e-con e-child\" data-id=\"9e5dfd1\" data-element_type=\"container\" data-e-type=\"container\" data-settings=\"{&quot;background_background&quot;:&quot;classic&quot;}\">\n\t\t\t\t<div class=\"elementor-element elementor-element-e643f8c elementor-widget__width-initial elementor-widget elementor-widget-image\" data-id=\"e643f8c\" data-element_type=\"widget\" data-e-type=\"widget\" data-widget_type=\"image.default\">\n\t\t\t\t<div class=\"elementor-widget-container\">\n\t\t\t\t\t\t\t\t\t\t\t\t\t\t\t<img loading=\"lazy\" decoding=\"async\" width=\"800\" height=\"800\" src=\"https:\/\/stressnostress.ch\/wp-content\/uploads\/2025\/03\/kstoll-1024x1024.jpg\" class=\"attachment-large size-large wp-image-1537\" alt=\"\" srcset=\"https:\/\/stressnostress.ch\/wp-content\/uploads\/2025\/03\/kstoll-1024x1024.jpg 1024w, https:\/\/stressnostress.ch\/wp-content\/uploads\/2025\/03\/kstoll-300x300.jpg 300w, https:\/\/stressnostress.ch\/wp-content\/uploads\/2025\/03\/kstoll-150x150.jpg 150w, https:\/\/stressnostress.ch\/wp-content\/uploads\/2025\/03\/kstoll-768x768.jpg 768w, https:\/\/stressnostress.ch\/wp-content\/uploads\/2025\/03\/kstoll-1536x1536.jpg 1536w, https:\/\/stressnostress.ch\/wp-content\/uploads\/2025\/03\/kstoll.jpg 1829w\" sizes=\"(max-width: 800px) 100vw, 800px\" \/>\t\t\t\t\t\t\t\t\t\t\t\t\t\t\t<\/div>\n\t\t\t\t<\/div>\n\t\t\t\t<\/div>\n\t\t<div class=\"elementor-element elementor-element-ddd7014 e-con-full e-flex e-con e-child\" data-id=\"ddd7014\" data-element_type=\"container\" data-e-type=\"container\">\n\t\t\t\t<div class=\"elementor-element elementor-element-363dce1 elementor-widget elementor-widget-text-editor\" data-id=\"363dce1\" data-element_type=\"widget\" data-e-type=\"widget\" data-widget_type=\"text-editor.default\">\n\t\t\t\t<div class=\"elementor-widget-container\">\n\t\t\t\t\t\t\t\t\t<p>develop balance<br \/>Lic. Phil. I Arbeits- und Organisationspsychologie<\/p><p>Frau Karine Stoll<\/p><p>+41786041408<br \/><br \/><a href=\"mailto:ks@developbalance.ch\">ks@developbalance.ch<\/a><br \/><a href=\"https:\/\/www.developbalance.ch\/\">https:\/\/www.developbalance.ch\/<\/a><\/p><p><strong>Spezielle Kenntnisse \/ Angebote:<\/strong><br \/>Team-Coaching, Teamentwicklung, Mediation, Executive Coaching, F\u00fchrungskr\u00e4fte-Entwicklung, Positive Psychologie, Life-Balance-Coaching, Stressmanagement, Karriereberatung, systemische Beratung, ZRM, Achtsamkeit, MBSR, Health @ work.<\/p>\t\t\t\t\t\t\t\t<\/div>\n\t\t\t\t<\/div>\n\t\t\t\t<\/div>\n\t\t\t\t<\/div>\n\t\t<div class=\"elementor-element elementor-element-c9397e7 e-con-full e-flex e-con e-child\" data-id=\"c9397e7\" data-element_type=\"container\" data-e-type=\"container\">\n\t\t<div class=\"elementor-element elementor-element-901cd7a e-con-full e-flex e-con e-child\" data-id=\"901cd7a\" data-element_type=\"container\" data-e-type=\"container\" data-settings=\"{&quot;background_background&quot;:&quot;classic&quot;}\">\n\t\t\t\t<div class=\"elementor-element elementor-element-c774893 elementor-widget__width-initial elementor-widget elementor-widget-image\" data-id=\"c774893\" data-element_type=\"widget\" data-e-type=\"widget\" data-widget_type=\"image.default\">\n\t\t\t\t<div class=\"elementor-widget-container\">\n\t\t\t\t\t\t\t\t\t\t\t\t\t\t\t<img loading=\"lazy\" decoding=\"async\" width=\"636\" height=\"635\" src=\"https:\/\/stressnostress.ch\/wp-content\/uploads\/2025\/03\/ruch.jpg\" class=\"attachment-large size-large wp-image-2342\" alt=\"\" srcset=\"https:\/\/stressnostress.ch\/wp-content\/uploads\/2025\/03\/ruch.jpg 636w, https:\/\/stressnostress.ch\/wp-content\/uploads\/2025\/03\/ruch-300x300.jpg 300w, https:\/\/stressnostress.ch\/wp-content\/uploads\/2025\/03\/ruch-150x150.jpg 150w\" sizes=\"(max-width: 636px) 100vw, 636px\" \/>\t\t\t\t\t\t\t\t\t\t\t\t\t\t\t<\/div>\n\t\t\t\t<\/div>\n\t\t\t\t<\/div>\n\t\t<div class=\"elementor-element elementor-element-806083a e-con-full e-flex e-con e-child\" data-id=\"806083a\" data-element_type=\"container\" data-e-type=\"container\">\n\t\t\t\t<div class=\"elementor-element elementor-element-855d0d8 elementor-widget elementor-widget-text-editor\" data-id=\"855d0d8\" data-element_type=\"widget\" data-e-type=\"widget\" data-widget_type=\"text-editor.default\">\n\t\t\t\t<div class=\"elementor-widget-container\">\n\t\t\t\t\t\t\t\t\t<p>Dr. phil.<br \/>Fachpsychologe f\u00fcr Psychotherapie FSP und ASP<\/p><p>Herr Hanspeter Ruch<br \/>St. Georgenstr. 35<br \/>8400 Winterthur<br \/>052 2323 60 22<\/p><p><a href=\"mailto:info@hpruch.ch\">info@hpruch.ch<\/a><br \/><a href=\"http:\/\/www.hpruch.ch\">www.hpruch.ch<\/a><\/p><p><strong>Angebot:<\/strong><br \/>Psychotherapie, Paartherapie, Coachung, Supervision<\/p><p><strong>Spezielle Kenntnisse \/ Angebote:<\/strong><br \/>K\u00f6rperorientierte Psychotherapie, Energiearbeit, Spirituelle Begleitung, Meditation<\/p>\t\t\t\t\t\t\t\t<\/div>\n\t\t\t\t<\/div>\n\t\t\t\t<\/div>\n\t\t\t\t<\/div>\n\t\t<div class=\"elementor-element elementor-element-de66afc e-con-full e-flex e-con e-child\" data-id=\"de66afc\" data-element_type=\"container\" data-e-type=\"container\">\n\t\t<div class=\"elementor-element elementor-element-88b4616 e-con-full e-flex e-con e-child\" data-id=\"88b4616\" data-element_type=\"container\" data-e-type=\"container\" data-settings=\"{&quot;background_background&quot;:&quot;classic&quot;}\">\n\t\t\t\t<div class=\"elementor-element elementor-element-0fe99cb elementor-widget__width-initial elementor-widget elementor-widget-image\" data-id=\"0fe99cb\" data-element_type=\"widget\" data-e-type=\"widget\" data-widget_type=\"image.default\">\n\t\t\t\t<div class=\"elementor-widget-container\">\n\t\t\t\t\t\t\t\t\t\t\t\t\t\t\t<img loading=\"lazy\" decoding=\"async\" width=\"690\" height=\"690\" src=\"https:\/\/stressnostress.ch\/wp-content\/uploads\/2025\/03\/simbach.webp\" class=\"attachment-large size-large wp-image-1557\" alt=\"\" srcset=\"https:\/\/stressnostress.ch\/wp-content\/uploads\/2025\/03\/simbach.webp 690w, https:\/\/stressnostress.ch\/wp-content\/uploads\/2025\/03\/simbach-300x300.webp 300w, https:\/\/stressnostress.ch\/wp-content\/uploads\/2025\/03\/simbach-150x150.webp 150w\" sizes=\"(max-width: 690px) 100vw, 690px\" \/>\t\t\t\t\t\t\t\t\t\t\t\t\t\t\t<\/div>\n\t\t\t\t<\/div>\n\t\t\t\t<\/div>\n\t\t<div class=\"elementor-element elementor-element-9fd7e83 e-con-full e-flex e-con e-child\" data-id=\"9fd7e83\" data-element_type=\"container\" data-e-type=\"container\">\n\t\t\t\t<div class=\"elementor-element elementor-element-b3a9804 elementor-widget elementor-widget-text-editor\" data-id=\"b3a9804\" data-element_type=\"widget\" data-e-type=\"widget\" data-widget_type=\"text-editor.default\">\n\t\t\t\t<div class=\"elementor-widget-container\">\n\t\t\t\t\t\t\t\t\t<p>Imbach Coaching &amp; Consulting<br \/>MSc. in Psychology<br \/>Schwerpunkt Arbeits- und Organisationspsychologie<br \/><br \/>Frau Sybille Imbach <br \/>Zeltweg 10<br \/>8032 Z\u00fcrich<br \/>+41 79 364 63 34<br \/><br \/><a href=\"mailto:info@sybille-imbach.ch\">info@sybille-imbach.ch<\/a><br \/><a href=\"https:\/\/sybille-imbach.ch\/\">https:\/\/sybille-imbach.ch\/<\/a><br \/><br \/><strong>Angebot:<\/strong><br \/>F\u00fchrungs-, Stress- und Resilienzcoaching; Teamentwicklung<br \/><br \/><strong>Spezielle Kenntnisse \/ Angebote:<\/strong><br \/>Mein Ansatz kombiniert systemisch-l\u00f6sungsorientierte Methoden, emotionale Intelligenz und Organisationspsychologie. Ich unterst\u00fctze F\u00fchrungskr\u00e4fte und Teams dabei, Stress abzubauen, Konflikte zu l\u00f6sen und Zusammenarbeit nachhaltig zu st\u00e4rken.<\/p>\t\t\t\t\t\t\t\t<\/div>\n\t\t\t\t<\/div>\n\t\t\t\t<\/div>\n\t\t\t\t<\/div>\n\t\t<div class=\"elementor-element elementor-element-f335b11 e-con-full e-flex e-con e-child\" data-id=\"f335b11\" data-element_type=\"container\" data-e-type=\"container\">\n\t\t<div class=\"elementor-element elementor-element-413138f e-con-full e-flex e-con e-child\" data-id=\"413138f\" data-element_type=\"container\" data-e-type=\"container\" data-settings=\"{&quot;background_background&quot;:&quot;classic&quot;}\">\n\t\t\t\t<div class=\"elementor-element elementor-element-3002bd0 elementor-widget__width-initial elementor-widget elementor-widget-image\" data-id=\"3002bd0\" data-element_type=\"widget\" data-e-type=\"widget\" data-widget_type=\"image.default\">\n\t\t\t\t<div class=\"elementor-widget-container\">\n\t\t\t\t\t\t\t\t\t\t\t\t\t\t\t<img loading=\"lazy\" decoding=\"async\" width=\"544\" height=\"544\" src=\"https:\/\/stressnostress.ch\/wp-content\/uploads\/2025\/03\/yaffoltern.webp\" class=\"attachment-large size-large wp-image-1583\" alt=\"\" srcset=\"https:\/\/stressnostress.ch\/wp-content\/uploads\/2025\/03\/yaffoltern.webp 544w, https:\/\/stressnostress.ch\/wp-content\/uploads\/2025\/03\/yaffoltern-300x300.webp 300w, https:\/\/stressnostress.ch\/wp-content\/uploads\/2025\/03\/yaffoltern-150x150.webp 150w\" sizes=\"(max-width: 544px) 100vw, 544px\" \/>\t\t\t\t\t\t\t\t\t\t\t\t\t\t\t<\/div>\n\t\t\t\t<\/div>\n\t\t\t\t<\/div>\n\t\t<div class=\"elementor-element elementor-element-3f5e4a9 e-con-full e-flex e-con e-child\" data-id=\"3f5e4a9\" data-element_type=\"container\" data-e-type=\"container\">\n\t\t\t\t<div class=\"elementor-element elementor-element-929f2d3 elementor-widget elementor-widget-text-editor\" data-id=\"929f2d3\" data-element_type=\"widget\" data-e-type=\"widget\" data-widget_type=\"text-editor.default\">\n\t\t\t\t<div class=\"elementor-widget-container\">\n\t\t\t\t\t\t\t\t\t<p>Carepoint Affolter<br \/>Lic.phil.<br \/>Eidg. Anerkannte Psychotherapeutin und Notfallpsychologin<br \/><br \/>Frau Yvonne Affolter<br \/>Rigistrasse 9<br \/>8006 Z\u00fcrich<br \/><br \/><a href=\"mailto:yvonne.affolter@psychologie.ch\">yvonne.affolter@psychologie.ch<\/a><br \/><a href=\"http:\/\/www.carepoint-affolter.ch\">www.carepoint-affolter.ch<\/a><br \/><br \/><strong>Angebot:<\/strong><br \/>Psychotherapie, Betriebspsychologie, Notfallpsychologie<br \/><br \/><strong>Spezielle Kenntnisse \/ Angebote:<\/strong><br \/>Betriebspsychologie: betriebliches Caremanagement und Krisenintervention\/Notfallpsychologie (z.B. Mobbing, sexuelle Bel\u00e4stigung, Burnout, Betrug und Diszipinarf\u00e4lle) sowie Opferberatung bei h\u00e4uslicher Gewalt und psychischem Missbrauch<\/p>\t\t\t\t\t\t\t\t<\/div>\n\t\t\t\t<\/div>\n\t\t\t\t<\/div>\n\t\t\t\t<\/div>\n\t\t<div class=\"elementor-element elementor-element-dd7e3e3 e-con-full e-flex e-con e-child\" data-id=\"dd7e3e3\" data-element_type=\"container\" data-e-type=\"container\">\n\t\t<div class=\"elementor-element elementor-element-3d86a99 e-con-full e-flex e-con e-child\" data-id=\"3d86a99\" data-element_type=\"container\" data-e-type=\"container\" data-settings=\"{&quot;background_background&quot;:&quot;classic&quot;}\">\n\t\t\t\t<div class=\"elementor-element elementor-element-01d929c elementor-widget__width-initial elementor-widget elementor-widget-image\" data-id=\"01d929c\" data-element_type=\"widget\" data-e-type=\"widget\" data-widget_type=\"image.default\">\n\t\t\t\t<div class=\"elementor-widget-container\">\n\t\t\t\t\t\t\t\t\t\t\t\t\t\t\t<img loading=\"lazy\" decoding=\"async\" width=\"600\" height=\"600\" src=\"https:\/\/stressnostress.ch\/wp-content\/uploads\/2025\/03\/tlacker.jpg\" class=\"attachment-large size-large wp-image-1587\" alt=\"\" srcset=\"https:\/\/stressnostress.ch\/wp-content\/uploads\/2025\/03\/tlacker.jpg 600w, https:\/\/stressnostress.ch\/wp-content\/uploads\/2025\/03\/tlacker-300x300.jpg 300w, https:\/\/stressnostress.ch\/wp-content\/uploads\/2025\/03\/tlacker-150x150.jpg 150w\" sizes=\"(max-width: 600px) 100vw, 600px\" \/>\t\t\t\t\t\t\t\t\t\t\t\t\t\t\t<\/div>\n\t\t\t\t<\/div>\n\t\t\t\t<\/div>\n\t\t<div class=\"elementor-element elementor-element-8bc31b6 e-con-full e-flex e-con e-child\" data-id=\"8bc31b6\" data-element_type=\"container\" data-e-type=\"container\">\n\t\t\t\t<div class=\"elementor-element elementor-element-2db2bf4 elementor-widget elementor-widget-text-editor\" data-id=\"2db2bf4\" data-element_type=\"widget\" data-e-type=\"widget\" data-widget_type=\"text-editor.default\">\n\t\t\t\t<div class=\"elementor-widget-container\">\n\t\t\t\t\t\t\t\t\t<p>Psychologie-Lacker<br \/>Dr. phil.<br \/>Fachpsychologe Psychotherapie FSP<br \/>Herr Tim Lacker<br \/>Gubelstrasse 54<br \/>8050 Z\u00fcrich<br \/>+41 78 228 69 95<br \/><br \/><a href=\"mailto:tim.lacker@psychologie.ch\">tim.lacker@psychologie.ch<\/a><br \/><a href=\"http:\/\/www.psychologie-lacker.ch\">www.psychologie-lacker.ch<\/a><br \/><br \/><strong>Angebot:<\/strong><br \/>Workshops, Seminare, Beratungen, Webinare, Content Creation<br \/><br \/><strong>Spezielle Kenntnisse \/ Angebote:<\/strong><br \/>&#8220;Konzeption &amp; Durchf\u00fchrung von Workshops\/Vortr\u00e4gen\/Webinaren f\u00fcr Unternehmen (z.B. Resilienz &amp; psych. Sicherherheit, Pr\u00e4vention Psychischer Belastungen bei der Arbeit)<br \/>Erstellung von content zum Thema Corporate Mental Health&#8221;<br \/><br \/><strong>Weitere Angaben:<\/strong><br \/>Promotion im Bereich Stress &amp; Gesundheit. Breite Erfahrung mit Unternehmen aus vielen verschiedenen Branchen.<\/p>\t\t\t\t\t\t\t\t<\/div>\n\t\t\t\t<\/div>\n\t\t\t\t<\/div>\n\t\t\t\t<\/div>\n\t\t\t\t<\/div>\n\t\t\t\t\t<\/div>\n\t\t\t\t<\/div>\n\t\t\t\t<\/div>\n\t\t","protected":false},"excerpt":{"rendered":"<p>Liste d&#8217;experts Kanton Argovie WorkingWell GmbHlic. phil. Arbeits- und OrganisationspsychologinCoaching, Training, Beratung Frau Bettina Janko-SchirmerHauptstrasse 514313 M\u00f6hlin+41 76 424 21 79 bettina.janko@workingwell.chwww.workingwell.ch Angebot:Stressmanagement, Karriereberatung Spezielle Kenntnisse \/ Angebote:Stress- und Selbstmanagement, Autogenes Training (krankenkassenanderkannt) Betriebliche Gesundheitsf\u00f6rderung, Karriereberatung Kantonsspital Aarau AGMSc Klinische PsychologinFachexpertin Psychische Gesundheit Frau Mariann HariTellstrasse 255001 Aarau062 838 24 06 mariann.hari@ksa.chhttps:\/\/www.linkedin.com\/in\/mariann-hari-851665142\/ Angebot:Vielf\u00e4ltige Beratungskompetenzen bei [&hellip;]<\/p>\n","protected":false},"author":1,"featured_media":0,"parent":0,"menu_order":0,"comment_status":"closed","ping_status":"closed","template":"","meta":{"footnotes":""},"class_list":["post-2197","page","type-page","status-publish","hentry"],"yoast_head":"<!-- This site is optimized with the Yoast SEO plugin v27.5 - https:\/\/yoast.com\/product\/yoast-seo-wordpress\/ -->\n<title>Beratende finden-fr - stressnostress<\/title>\n<meta name=\"robots\" content=\"index, follow, max-snippet:-1, max-image-preview:large, max-video-preview:-1\" \/>\n<link rel=\"canonical\" href=\"https:\/\/stressnostress.ch\/index.php\/beratende-finden-fr\/\" \/>\n<meta property=\"og:locale\" content=\"en_US\" \/>\n<meta property=\"og:type\" content=\"article\" \/>\n<meta property=\"og:title\" content=\"Beratende finden-fr - stressnostress\" \/>\n<meta property=\"og:description\" content=\"Liste d&#8217;experts Kanton Argovie WorkingWell GmbHlic. phil. Arbeits- und OrganisationspsychologinCoaching, Training, Beratung Frau Bettina Janko-SchirmerHauptstrasse 514313 M\u00f6hlin+41 76 424 21 79 bettina.janko@workingwell.chwww.workingwell.ch Angebot:Stressmanagement, Karriereberatung Spezielle Kenntnisse \/ Angebote:Stress- und Selbstmanagement, Autogenes Training (krankenkassenanderkannt) Betriebliche Gesundheitsf\u00f6rderung, Karriereberatung Kantonsspital Aarau AGMSc Klinische PsychologinFachexpertin Psychische Gesundheit Frau Mariann HariTellstrasse 255001 Aarau062 838 24 06 mariann.hari@ksa.chhttps:\/\/www.linkedin.com\/in\/mariann-hari-851665142\/ Angebot:Vielf\u00e4ltige Beratungskompetenzen bei [&hellip;]\" \/>\n<meta property=\"og:url\" content=\"https:\/\/stressnostress.ch\/index.php\/beratende-finden-fr\/\" \/>\n<meta property=\"og:site_name\" content=\"stressnostress\" \/>\n<meta property=\"article:modified_time\" content=\"2026-01-30T17:31:57+00:00\" \/>\n<meta property=\"og:image\" content=\"https:\/\/stressnostress.ch\/wp-content\/uploads\/2025\/03\/Bjanko.jpg\" \/>\n\t<meta property=\"og:image:width\" content=\"276\" \/>\n\t<meta property=\"og:image:height\" content=\"276\" \/>\n\t<meta property=\"og:image:type\" content=\"image\/jpeg\" \/>\n<meta name=\"twitter:card\" content=\"summary_large_image\" \/>\n<meta name=\"twitter:label1\" content=\"Est. reading time\" \/>\n\t<meta name=\"twitter:data1\" content=\"17 minutes\" \/>\n<script type=\"application\/ld+json\" class=\"yoast-schema-graph\">{\"@context\":\"https:\\\/\\\/schema.org\",\"@graph\":[{\"@type\":\"WebPage\",\"@id\":\"https:\\\/\\\/stressnostress.ch\\\/index.php\\\/beratende-finden-fr\\\/\",\"url\":\"https:\\\/\\\/stressnostress.ch\\\/index.php\\\/beratende-finden-fr\\\/\",\"name\":\"Beratende finden-fr - stressnostress\",\"isPartOf\":{\"@id\":\"https:\\\/\\\/stressnostress.ch\\\/#website\"},\"primaryImageOfPage\":{\"@id\":\"https:\\\/\\\/stressnostress.ch\\\/index.php\\\/beratende-finden-fr\\\/#primaryimage\"},\"image\":{\"@id\":\"https:\\\/\\\/stressnostress.ch\\\/index.php\\\/beratende-finden-fr\\\/#primaryimage\"},\"thumbnailUrl\":\"https:\\\/\\\/stressnostress.ch\\\/wp-content\\\/uploads\\\/2025\\\/03\\\/Bjanko.jpg\",\"datePublished\":\"2025-03-19T21:32:14+00:00\",\"dateModified\":\"2026-01-30T17:31:57+00:00\",\"breadcrumb\":{\"@id\":\"https:\\\/\\\/stressnostress.ch\\\/index.php\\\/beratende-finden-fr\\\/#breadcrumb\"},\"inLanguage\":\"en-US\",\"potentialAction\":[{\"@type\":\"ReadAction\",\"target\":[\"https:\\\/\\\/stressnostress.ch\\\/index.php\\\/beratende-finden-fr\\\/\"]}]},{\"@type\":\"ImageObject\",\"inLanguage\":\"en-US\",\"@id\":\"https:\\\/\\\/stressnostress.ch\\\/index.php\\\/beratende-finden-fr\\\/#primaryimage\",\"url\":\"https:\\\/\\\/stressnostress.ch\\\/wp-content\\\/uploads\\\/2025\\\/03\\\/Bjanko.jpg\",\"contentUrl\":\"https:\\\/\\\/stressnostress.ch\\\/wp-content\\\/uploads\\\/2025\\\/03\\\/Bjanko.jpg\",\"width\":276,\"height\":276},{\"@type\":\"BreadcrumbList\",\"@id\":\"https:\\\/\\\/stressnostress.ch\\\/index.php\\\/beratende-finden-fr\\\/#breadcrumb\",\"itemListElement\":[{\"@type\":\"ListItem\",\"position\":1,\"name\":\"Home\",\"item\":\"https:\\\/\\\/stressnostress.ch\\\/\"},{\"@type\":\"ListItem\",\"position\":2,\"name\":\"Beratende finden-fr\"}]},{\"@type\":\"WebSite\",\"@id\":\"https:\\\/\\\/stressnostress.ch\\\/#website\",\"url\":\"https:\\\/\\\/stressnostress.ch\\\/\",\"name\":\"stressnostress\",\"description\":\"Stress, Stressabbau und Stresspr\u00e4vention,\",\"publisher\":{\"@id\":\"https:\\\/\\\/stressnostress.ch\\\/#organization\"},\"potentialAction\":[{\"@type\":\"SearchAction\",\"target\":{\"@type\":\"EntryPoint\",\"urlTemplate\":\"https:\\\/\\\/stressnostress.ch\\\/?s={search_term_string}\"},\"query-input\":{\"@type\":\"PropertyValueSpecification\",\"valueRequired\":true,\"valueName\":\"search_term_string\"}}],\"inLanguage\":\"en-US\"},{\"@type\":\"Organization\",\"@id\":\"https:\\\/\\\/stressnostress.ch\\\/#organization\",\"name\":\"stressnostress\",\"url\":\"https:\\\/\\\/stressnostress.ch\\\/\",\"logo\":{\"@type\":\"ImageObject\",\"inLanguage\":\"en-US\",\"@id\":\"https:\\\/\\\/stressnostress.ch\\\/#\\\/schema\\\/logo\\\/image\\\/\",\"url\":\"https:\\\/\\\/stressnostress.ch\\\/wp-content\\\/uploads\\\/2025\\\/01\\\/logo_color_circle.svg\",\"contentUrl\":\"https:\\\/\\\/stressnostress.ch\\\/wp-content\\\/uploads\\\/2025\\\/01\\\/logo_color_circle.svg\",\"width\":208,\"height\":208,\"caption\":\"stressnostress\"},\"image\":{\"@id\":\"https:\\\/\\\/stressnostress.ch\\\/#\\\/schema\\\/logo\\\/image\\\/\"}}]}<\/script>\n<!-- \/ Yoast SEO plugin. -->","yoast_head_json":{"title":"Beratende finden-fr - stressnostress","robots":{"index":"index","follow":"follow","max-snippet":"max-snippet:-1","max-image-preview":"max-image-preview:large","max-video-preview":"max-video-preview:-1"},"canonical":"https:\/\/stressnostress.ch\/index.php\/beratende-finden-fr\/","og_locale":"en_US","og_type":"article","og_title":"Beratende finden-fr - stressnostress","og_description":"Liste d&#8217;experts Kanton Argovie WorkingWell GmbHlic. phil. Arbeits- und OrganisationspsychologinCoaching, Training, Beratung Frau Bettina Janko-SchirmerHauptstrasse 514313 M\u00f6hlin+41 76 424 21 79 bettina.janko@workingwell.chwww.workingwell.ch Angebot:Stressmanagement, Karriereberatung Spezielle Kenntnisse \/ Angebote:Stress- und Selbstmanagement, Autogenes Training (krankenkassenanderkannt) Betriebliche Gesundheitsf\u00f6rderung, Karriereberatung Kantonsspital Aarau AGMSc Klinische PsychologinFachexpertin Psychische Gesundheit Frau Mariann HariTellstrasse 255001 Aarau062 838 24 06 mariann.hari@ksa.chhttps:\/\/www.linkedin.com\/in\/mariann-hari-851665142\/ Angebot:Vielf\u00e4ltige Beratungskompetenzen bei [&hellip;]","og_url":"https:\/\/stressnostress.ch\/index.php\/beratende-finden-fr\/","og_site_name":"stressnostress","article_modified_time":"2026-01-30T17:31:57+00:00","og_image":[{"width":276,"height":276,"url":"https:\/\/stressnostress.ch\/wp-content\/uploads\/2025\/03\/Bjanko.jpg","type":"image\/jpeg"}],"twitter_card":"summary_large_image","twitter_misc":{"Est. reading time":"17 minutes"},"schema":{"@context":"https:\/\/schema.org","@graph":[{"@type":"WebPage","@id":"https:\/\/stressnostress.ch\/index.php\/beratende-finden-fr\/","url":"https:\/\/stressnostress.ch\/index.php\/beratende-finden-fr\/","name":"Beratende finden-fr - stressnostress","isPartOf":{"@id":"https:\/\/stressnostress.ch\/#website"},"primaryImageOfPage":{"@id":"https:\/\/stressnostress.ch\/index.php\/beratende-finden-fr\/#primaryimage"},"image":{"@id":"https:\/\/stressnostress.ch\/index.php\/beratende-finden-fr\/#primaryimage"},"thumbnailUrl":"https:\/\/stressnostress.ch\/wp-content\/uploads\/2025\/03\/Bjanko.jpg","datePublished":"2025-03-19T21:32:14+00:00","dateModified":"2026-01-30T17:31:57+00:00","breadcrumb":{"@id":"https:\/\/stressnostress.ch\/index.php\/beratende-finden-fr\/#breadcrumb"},"inLanguage":"en-US","potentialAction":[{"@type":"ReadAction","target":["https:\/\/stressnostress.ch\/index.php\/beratende-finden-fr\/"]}]},{"@type":"ImageObject","inLanguage":"en-US","@id":"https:\/\/stressnostress.ch\/index.php\/beratende-finden-fr\/#primaryimage","url":"https:\/\/stressnostress.ch\/wp-content\/uploads\/2025\/03\/Bjanko.jpg","contentUrl":"https:\/\/stressnostress.ch\/wp-content\/uploads\/2025\/03\/Bjanko.jpg","width":276,"height":276},{"@type":"BreadcrumbList","@id":"https:\/\/stressnostress.ch\/index.php\/beratende-finden-fr\/#breadcrumb","itemListElement":[{"@type":"ListItem","position":1,"name":"Home","item":"https:\/\/stressnostress.ch\/"},{"@type":"ListItem","position":2,"name":"Beratende finden-fr"}]},{"@type":"WebSite","@id":"https:\/\/stressnostress.ch\/#website","url":"https:\/\/stressnostress.ch\/","name":"stressnostress","description":"Stress, Stressabbau und Stresspr\u00e4vention,","publisher":{"@id":"https:\/\/stressnostress.ch\/#organization"},"potentialAction":[{"@type":"SearchAction","target":{"@type":"EntryPoint","urlTemplate":"https:\/\/stressnostress.ch\/?s={search_term_string}"},"query-input":{"@type":"PropertyValueSpecification","valueRequired":true,"valueName":"search_term_string"}}],"inLanguage":"en-US"},{"@type":"Organization","@id":"https:\/\/stressnostress.ch\/#organization","name":"stressnostress","url":"https:\/\/stressnostress.ch\/","logo":{"@type":"ImageObject","inLanguage":"en-US","@id":"https:\/\/stressnostress.ch\/#\/schema\/logo\/image\/","url":"https:\/\/stressnostress.ch\/wp-content\/uploads\/2025\/01\/logo_color_circle.svg","contentUrl":"https:\/\/stressnostress.ch\/wp-content\/uploads\/2025\/01\/logo_color_circle.svg","width":208,"height":208,"caption":"stressnostress"},"image":{"@id":"https:\/\/stressnostress.ch\/#\/schema\/logo\/image\/"}}]}},"_links":{"self":[{"href":"https:\/\/stressnostress.ch\/index.php\/wp-json\/wp\/v2\/pages\/2197","targetHints":{"allow":["GET"]}}],"collection":[{"href":"https:\/\/stressnostress.ch\/index.php\/wp-json\/wp\/v2\/pages"}],"about":[{"href":"https:\/\/stressnostress.ch\/index.php\/wp-json\/wp\/v2\/types\/page"}],"author":[{"embeddable":true,"href":"https:\/\/stressnostress.ch\/index.php\/wp-json\/wp\/v2\/users\/1"}],"replies":[{"embeddable":true,"href":"https:\/\/stressnostress.ch\/index.php\/wp-json\/wp\/v2\/comments?post=2197"}],"version-history":[{"count":37,"href":"https:\/\/stressnostress.ch\/index.php\/wp-json\/wp\/v2\/pages\/2197\/revisions"}],"predecessor-version":[{"id":2433,"href":"https:\/\/stressnostress.ch\/index.php\/wp-json\/wp\/v2\/pages\/2197\/revisions\/2433"}],"wp:attachment":[{"href":"https:\/\/stressnostress.ch\/index.php\/wp-json\/wp\/v2\/media?parent=2197"}],"curies":[{"name":"wp","href":"https:\/\/api.w.org\/{rel}","templated":true}]}}